{"id":419,"date":"2023-01-09T08:49:13","date_gmt":"2023-01-09T07:49:13","guid":{"rendered":"https:\/\/kajak.22projects.sk\/?page_id=419"},"modified":"2023-11-26T10:27:14","modified_gmt":"2023-11-26T09:27:14","slug":"historia","status":"publish","type":"page","link":"https:\/\/kajakkomarno.sk\/hu\/historia\/","title":{"rendered":"Hist\u00f3ria"},"content":{"rendered":"\r\n<p>Kom\u00e1rno, mesto le\u017eiace na s\u00fatoku Dunaja a\u00a0V\u00e1hu, je mestom v\u00a0znamen\u00ed vody. U\u017e odd\u00e1vna\u00a0\u013eudia v\u00a0Kom\u00e1rne a\u00a0jeho okol\u00ed vyu\u017e\u00edvali vodu nielen ako zdroj \u017eivobytia, na dopravu a\u00a0prepravu, ale postupne sa voda st\u00e1vala d\u00f4le\u017eitou s\u00fa\u010das\u0165ou oddychu a\u00a0z\u00e1bavy a\u00a0st\u00e1le viac a\u00a0viac sa st\u00e1vala s\u00fa\u010das\u0165ou \u0161portov\u00e9ho vy\u017eitia.<\/p>\r\n\r\n\r\n\r\n<p>&nbsp;<\/p>\r\n\r\n\r\n\r\n<p>&nbsp;<\/p>\r\n\r\n\r\n\r\n<h2 class=\"wp-block-heading\"><strong><br \/>Za\u010diatok organizovanej \u0161portovej \u010dinnosti na vode v Kom\u00e1rne<\/strong><\/h2>\r\n\r\n\r\n\r\n<p>Organizovan\u00e1\u00a0 \u0161portov\u00e1 \u010dinnos\u0165 na vode sa v\u00a0Kom\u00e1rne za\u010dala\u00a0 rozv\u00edja\u0165 u\u017e po roku 1872, ke\u010f bol zalo\u017een\u00fd Kom\u00e1r\u0148ansk\u00fd telocvi\u010dn\u00fd a\u00a0hasi\u010dsk\u00fd spolok.<\/p>\r\n\r\n\r\n\r\n<p>Nako\u013eko z\u00e1ujem o\u00a0\u0161port sa neust\u00e1le zvy\u0161oval, v\u00a0roku 1896 bola zalo\u017een\u00e1 Kom\u00e1r\u0148ansk\u00e1 \u0161portov\u00e1 jednota KSE, ktor\u00e1 mala tri\u00a0 oddiely \u2013tenisov\u00fd, streleck\u00fd a\u00a0vesl\u00e1rsky. \u010clenstvo v\u00a0KSE v\u0161ak\u00a0 tvorila uzavret\u00e1 spolo\u010dnos\u0165 a \u010dinnos\u0165 klubu v\u00a0oblasti vodn\u00fdch \u0161portov bola zameran\u00e1 najm\u00e4 na organizovanie vodnej turistiky.<\/p>\r\n\r\n\r\n\r\n<p>\u010clensk\u00e1 z\u00e1klad\u0148a KSE sa roz\u0161\u00edrila v\u00a0rokoch 1939 a\u017e 1945, ke\u010f \u010dlenmi, okrem vod\u00e1kov turistov, boli u\u017e aj pretek\u00e1ri a\u00a0to z\u00a0radov robotn\u00edkov a\u00a0vysoko\u0161kol\u00e1kov. \u00a0V\u00a0tomto obdob\u00ed sa pod\u00a0 veden\u00edm\u00a0 dr. J\u00e1nosa Weszelovszk\u00e9ho za\u010dala pr\u00edprava vod\u00e1kov pretek\u00e1rov a\u00a0veslovanie a\u00a0kanoistika sa v Kom\u00e1rne dost\u00e1vali na vy\u0161\u0161iu \u00farove\u0148.<\/p>\r\n\r\n\r\n\r\n<p>Okrem KSE v\u00a0Kom\u00e1rne p\u00f4sobil v\u00a0rokoch\u00a0 1913 a\u017e 1945\u00a0 skautsk\u00fd oddiel\u00a0 benedikt\u00ednskeho gymn\u00e1zia, ktor\u00fd organizoval\u00a0 vodn\u00e9 t\u00fary hore V\u00e1hom a\u00a0nesk\u00f4r aj v\u00fdcvik mlad\u00fdch na vode.<\/p>\r\n\r\n\r\n\r\n<p>Vodnej turistike sa venoval\u00a0 aj vesl\u00e1rsky klub skautsk\u00e9ho oddielu Makabi, ktor\u00fd\u00a0 zalo\u017eila kom\u00e1r\u0148ansk\u00e1 \u017eidovsk\u00e1 obec a\u00a0p\u00f4sobil v\u00a0rokoch 1924 a\u017e\u00a0 1944.<\/p>\r\n\r\n\r\n<div class=\"wp-block-image\">\r\n<figure class=\"aligncenter size-full\"><img fetchpriority=\"high\" decoding=\"async\" width=\"1280\" height=\"754\" class=\"wp-image-1949\" src=\"https:\/\/kajak.22projects.sk\/wp-content\/uploads\/2023\/01\/1925-Punkosd-veslica.jpg\" alt=\"\" srcset=\"https:\/\/kajakkomarno.sk\/wp-content\/uploads\/2023\/01\/1925-Punkosd-veslica.jpg 1280w, https:\/\/kajakkomarno.sk\/wp-content\/uploads\/2023\/01\/1925-Punkosd-veslica-450x265.jpg 450w, https:\/\/kajakkomarno.sk\/wp-content\/uploads\/2023\/01\/1925-Punkosd-veslica-1024x603.jpg 1024w, https:\/\/kajakkomarno.sk\/wp-content\/uploads\/2023\/01\/1925-Punkosd-veslica-768x452.jpg 768w\" sizes=\"(max-width: 1280px) 100vw, 1280px\" \/><\/figure>\r\n<\/div>\r\n\r\n\r\n<p>&nbsp;<\/p>\r\n\r\n\r\n\r\n<h2 class=\"wp-block-heading\"><strong><br \/>Rozvoj r\u00fdchlostnej kanoistiky v Kom\u00e1rne po roku 1945<\/strong><\/h2>\r\n\r\n\r\n\r\n<p>Po vojne sa vodn\u00e9 \u0161porty v\u00a0Kom\u00e1rne z\u00a0objekt\u00edvnych d\u00f4vodov\u00a0 na ur\u010dit\u00fd \u010das ocitli v\u00a0kr\u00edze. \u0160portov\u00e9 trad\u00edcie vo ve\u013emi \u0165a\u017ek\u00fdch podmienkach udr\u017eiavali u\u017e iba vodn\u00ed turisti. Mnoh\u00ed vod\u00e1ci sa v\u0161ak s\u00a0t\u00fdmto stavom nechceli uspokoji\u0165.<\/p>\r\n\r\n\r\n\r\n<p>V\u00fdznamn\u00fdm medzn\u00edkom v rozvoji r\u00fdchlostnej kanoistiky sa stal rok 1951, ke\u010f bola zalo\u017een\u00e1 Telov\u00fdchovn\u00e1 jednota Spartak\u00a0 Slovensk\u00e9 lodenice Kom\u00e1rno, v\u00a0r\u00e1mci ktorej\u00a0 v\u00a0roku 1953 vznikol, z\u00e1sluhou nad\u0161en\u00fdch vod\u00e1kov,\u00a0 oddiel vodn\u00fdch\u00a0 \u0161portov.<\/p>\r\n\r\n\r\n\r\n<p>V\u00a0roku 1954 boli vytvoren\u00e9 tri pododdiely oddielu vodn\u00fdch \u0161portov &#8211; vesl\u00e1rsky, jacht\u00e1rsky a pododdiel \u00a0r\u00fdchlostnej kanoistiky na \u010dele s\u00a0p\u00e1nom Urb\u00e1nkom. R\u00fdchlostn\u00e1 kanoistika v Kom\u00e1rne\u00a0 v tomto obdob\u00ed nebola nezn\u00e1mym pojmom.<\/p>\r\n\r\n\r\n\r\n<p>V\u00fdcvikov\u00fdm strediskom pretek\u00e1rov sa stala pl\u00e1vaj\u00faca \u0161portov\u00e1 lodenica Don, ktor\u00e1 bola ukotven\u00e1 na V\u00e1hu, pred \u00fast\u00edm do jeho m\u0155tveho ramena. Za\u010diatky neboli \u013eahk\u00e9. Pretek\u00e1ri a tr\u00e9neri sa borili so slab\u00fdm materi\u00e1lnym vybaven\u00edm, ale aj napriek tomu dosahovali\u00a0 ve\u013emi dobr\u00e9 v\u00fdsledky.<\/p>\r\n\r\n\r\n\r\n<p>V\u00a0roku 1956 v d\u00f4sledku zl\u00e9ho technick\u00e9ho stavu sa pl\u00e1vaj\u00faca lodenica\u00a0\u00a0 potopila,\u00a0 do\u0161lo k \u00a0zni\u010deniu lod\u00ed a \u00a0dreven\u00e9ho materi\u00e1lu. Vesl\u00e1rsky pododdiel sa rozpadol a\u00a0z\u00a0oddielu vodn\u00fdch \u0161portov sa vy\u010dlenila\u00a0\u00a0 r\u00fdchlostn\u00e1 kanoistika a vodn\u00e1 turistika. V\u00a0tomto n\u00e1ro\u010dnom obdob\u00ed viedol klub p\u00e1n Jaroslav Sl\u00e1vik.<\/p>\r\n\r\n\r\n\r\n<p>V\u00a0roku 1958 vedenie kajak\u00e1rov prebral p\u00e1n Ladislav Cs\u00e9pl\u0151 a n\u00e1sledne v roku 1959 bol zorganizovan\u00fd prv\u00fd ro\u010dn\u00edk Ve\u013ekej ceny Slovensk\u00fdch loden\u00edc.\u00a0Trad\u00edcia t\u00fdchto pretekov pokra\u010duje nepretr\u017eite a tieto preteky prispeli k\u00a0rozvoju kom\u00e1r\u0148anskej r\u00fdchlostnej kanoistiky.<\/p>\r\n\r\n\r\n<div class=\"wp-block-image\">\r\n<figure class=\"aligncenter size-full\"><img decoding=\"async\" width=\"1280\" height=\"788\" class=\"wp-image-1953\" src=\"https:\/\/kajak.22projects.sk\/wp-content\/uploads\/2023\/01\/1959-Clenovia-Kajak-kanoe-Klubu-na-Prvomajovom-sprievode-v-popredi-Cseplo-Ladislav-predseda-Klubu.jpg\" alt=\"\" srcset=\"https:\/\/kajakkomarno.sk\/wp-content\/uploads\/2023\/01\/1959-Clenovia-Kajak-kanoe-Klubu-na-Prvomajovom-sprievode-v-popredi-Cseplo-Ladislav-predseda-Klubu.jpg 1280w, https:\/\/kajakkomarno.sk\/wp-content\/uploads\/2023\/01\/1959-Clenovia-Kajak-kanoe-Klubu-na-Prvomajovom-sprievode-v-popredi-Cseplo-Ladislav-predseda-Klubu-450x277.jpg 450w, https:\/\/kajakkomarno.sk\/wp-content\/uploads\/2023\/01\/1959-Clenovia-Kajak-kanoe-Klubu-na-Prvomajovom-sprievode-v-popredi-Cseplo-Ladislav-predseda-Klubu-1024x630.jpg 1024w, https:\/\/kajakkomarno.sk\/wp-content\/uploads\/2023\/01\/1959-Clenovia-Kajak-kanoe-Klubu-na-Prvomajovom-sprievode-v-popredi-Cseplo-Ladislav-predseda-Klubu-768x473.jpg 768w\" sizes=\"(max-width: 1280px) 100vw, 1280px\" \/><\/figure>\r\n<\/div>\r\n\r\n\r\n<p>&nbsp;<\/p>\r\n\r\n\r\n\r\n<h2 class=\"wp-block-heading\"><strong><br \/>Vzostup kom\u00e1r\u0148anskej r\u00fdchlostnej kanoistiky\u00a0 \u0161es\u0165desiatych a\u00a0sedemdesiatych rokoch\u00a0<\/strong><\/h2>\r\n\r\n\r\n\r\n<p>V\u010faka obetavej pr\u00e1ci tr\u00e9nerov tu v\u00a0obdob\u00ed 60. a\u017e 70. rokov vyrastala gener\u00e1cia vynikaj\u00facich pretek\u00e1rov.\u00a0 Kanoistick\u00fd oddiel sa postupne prepracoval medzi najlep\u0161ie v\u00a0\u010cSSR. Ve\u010f v\u00a0roku 1968 skon\u010dil v celkovom bodovom hodnoten\u00ed spomedzi 96 hodnoten\u00fdch oddielov na vynikaj\u00facom 8.mieste. V\u00a0tomto obdob\u00ed zaradi\u0165 sa do reprezent\u00e1cie a\u00a0reprezentova\u0165 \u010ceskoslovensko, bolo skuto\u010dn\u00fdm umen\u00edm. Za\u010diatkom 70. rokov sa to podarilo Vojtechovi Halmovi, ktor\u00fd sa ako prv\u00fd pretek\u00e1r z\u00a0Kom\u00e1rna z\u00fa\u010dastnil majstrovstiev sveta. Aj Juraj Tarr bol zaraden\u00fd do reprezenta\u010dnej\u00a0 pr\u00edpravy\u00a0 na olympijsk\u00e9 hry v roku 1976, no aj napriek v\u00fdborn\u00fdm v\u00fdkonom sa do nomin\u00e1cie napokon nedostal.<\/p>\r\n\r\n\r\n\r\n<p>V\u00a0roku 1970 kanoistick\u00fd oddiel vybudoval na brehu M\u0155tveho ramena V\u00e1hu nov\u00fa lodenicu. Ke\u010f v\u0161ak v\u00a0roku 1972, do\u0161lo v d\u00f4sledku protipovod\u0148ov\u00fdch opatren\u00ed k\u00a0uzavretiu m\u0155tveho ramena, tr\u00e9ningov\u00e9 podmienky boli s\u0165a\u017een\u00e9.<\/p>\r\n\r\n\r\n<div class=\"wp-block-image\">\r\n<figure class=\"aligncenter size-full\"><img decoding=\"async\" width=\"1280\" height=\"865\" class=\"wp-image-1973\" src=\"https:\/\/kajak.22projects.sk\/wp-content\/uploads\/2023\/01\/1977-trening-na-Mrtvom-ramene-Vahu.jpg\" alt=\"\" srcset=\"https:\/\/kajakkomarno.sk\/wp-content\/uploads\/2023\/01\/1977-trening-na-Mrtvom-ramene-Vahu.jpg 1280w, https:\/\/kajakkomarno.sk\/wp-content\/uploads\/2023\/01\/1977-trening-na-Mrtvom-ramene-Vahu-450x304.jpg 450w, https:\/\/kajakkomarno.sk\/wp-content\/uploads\/2023\/01\/1977-trening-na-Mrtvom-ramene-Vahu-1024x692.jpg 1024w, https:\/\/kajakkomarno.sk\/wp-content\/uploads\/2023\/01\/1977-trening-na-Mrtvom-ramene-Vahu-768x519.jpg 768w\" sizes=\"(max-width: 1280px) 100vw, 1280px\" \/><\/figure>\r\n<\/div>\r\n\r\n\r\n<p>T\u00e1to skuto\u010dnos\u0165 viedla k\u00a0tomu, \u017ee v\u00a0roku 1979 bola odovzdan\u00e1 do u\u017e\u00edvania novovybudovan\u00e1 pr\u00edzemn\u00e1 stavba tr\u00e9ningov\u00e9ho strediska kanoistiky. Vytvorili sa podmienky na kvalitn\u00fa \u0161portov\u00fa pr\u00edpravu\u00a0 a\u00a0pokra\u010dovanie\u00a0 v rozvoji pre Kom\u00e1rno tak \u00faspe\u0161n\u00e9ho \u0161portu. Bolo\u00a0to aj v\u010faka Ladislavovi D\u00e9k\u00e1nyovi, ktor\u00fd organizoval na z\u00e1kladn\u00fdch \u0161kol\u00e1ch n\u00e1bor det\u00ed do oddielu r\u00fdchlostnej kanoistiky a\u00a0tak z\u00edskaval nov\u00fdch n\u00e1dejn\u00fdch pretek\u00e1rov.<\/p>\r\n\r\n\r\n\r\n<p>Rozvoju r\u00fdchlostnej kanoistiky v\u00a0Kom\u00e1rne pom\u00e1hal aj z\u00e1ujem vrcholn\u00fdch funkcion\u00e1rov. Bolo to najm\u00e4 na z\u00e1klade vynikaj\u00facich v\u00fdsledkov kom\u00e1r\u0148ansk\u00fdch pretek\u00e1rov na dom\u00e1cich s\u00fa\u0165a\u017eiach.\u00a0 Kom\u00e1rno bolo jednoducho liah\u0148ou v\u00fdnimo\u010dn\u00fdch a\u00a0pritom skromn\u00fdch pretek\u00e1rov.<\/p>\r\n\r\n\r\n<div class=\"wp-block-image\">\r\n<figure class=\"aligncenter size-full\"><img loading=\"lazy\" decoding=\"async\" width=\"1280\" height=\"879\" class=\"wp-image-1969\" src=\"https:\/\/kajak.22projects.sk\/wp-content\/uploads\/2023\/01\/1972-14-rocnik-VC-Komarna-v-zimnom-pristave.jpg\" alt=\"\" srcset=\"https:\/\/kajakkomarno.sk\/wp-content\/uploads\/2023\/01\/1972-14-rocnik-VC-Komarna-v-zimnom-pristave.jpg 1280w, https:\/\/kajakkomarno.sk\/wp-content\/uploads\/2023\/01\/1972-14-rocnik-VC-Komarna-v-zimnom-pristave-450x309.jpg 450w, https:\/\/kajakkomarno.sk\/wp-content\/uploads\/2023\/01\/1972-14-rocnik-VC-Komarna-v-zimnom-pristave-1024x703.jpg 1024w, https:\/\/kajakkomarno.sk\/wp-content\/uploads\/2023\/01\/1972-14-rocnik-VC-Komarna-v-zimnom-pristave-768x527.jpg 768w\" sizes=\"(max-width: 1280px) 100vw, 1280px\" \/><\/figure>\r\n<\/div>\r\n\r\n\r\n<p>&nbsp;<\/p>\r\n\r\n\r\n\r\n<h2 class=\"wp-block-heading\"><strong><br \/>Zlat\u00e1 \u00e9ra kom\u00e1r\u0148anskej r\u00fdchlostnej kanoistiky<\/strong><\/h2>\r\n\r\n\r\n\r\n<p>Nov\u00e9 tr\u00e9ningov\u00e9 podmienky, v\u00fdborn\u00ed tr\u00e9neri a\u00a0\u013eudia zanieten\u00ed pre rozvoj r\u00fdchlostnej kanoistiky, to bol z\u00e1klad pre v\u00fdchovu a\u00a0rast talentovan\u00fdch pretek\u00e1rov,\u00a0 reprezentantov. Ur\u010dite medzi nich patril Attila Szab\u00f3,\u00a0 ktor\u00fd ako prv\u00fd Kom\u00e1r\u0148an z\u00edskal v\u00a0roku 1987 medailu na majstrovstv\u00e1ch sveta v Duisburgu , v \u00a0roku 1988 sa z\u00fa\u010dastnil ako prv\u00fd Kom\u00e1r\u0148an olympi\u00e1dy v\u00a0Soule a\u00a0v\u00a0roku 1989 sa stal prv\u00fdm majstrom sveta z\u00a0Kom\u00e1rna na 10 km trati. V\u00fdrazn\u00fd podiel na \u00faspechoch kom\u00e1r\u0148ansk\u00fdch kajak\u00e1rov mali tr\u00e9neri Ladislav Polhammer a\u00a0Tibor So\u00f3s.<\/p>\r\n\r\n\r\n<div class=\"wp-block-image\">\r\n<figure class=\"aligncenter size-full\"><img loading=\"lazy\" decoding=\"async\" width=\"1280\" height=\"825\" class=\"wp-image-1991\" src=\"https:\/\/kajak.22projects.sk\/wp-content\/uploads\/2023\/01\/1989-szabo-attila-dia-Majster-sveta-K1-10km-Plovdiv.jpg\" alt=\"\" srcset=\"https:\/\/kajakkomarno.sk\/wp-content\/uploads\/2023\/01\/1989-szabo-attila-dia-Majster-sveta-K1-10km-Plovdiv.jpg 1280w, https:\/\/kajakkomarno.sk\/wp-content\/uploads\/2023\/01\/1989-szabo-attila-dia-Majster-sveta-K1-10km-Plovdiv-450x290.jpg 450w, https:\/\/kajakkomarno.sk\/wp-content\/uploads\/2023\/01\/1989-szabo-attila-dia-Majster-sveta-K1-10km-Plovdiv-1024x660.jpg 1024w, https:\/\/kajakkomarno.sk\/wp-content\/uploads\/2023\/01\/1989-szabo-attila-dia-Majster-sveta-K1-10km-Plovdiv-768x495.jpg 768w\" sizes=\"(max-width: 1280px) 100vw, 1280px\" \/><\/figure>\r\n<\/div>\r\n\r\n\r\n<p>V\u00a0roku 1991 v\u00a0Slovensk\u00fdch lodeniciach na z\u00e1klade pl\u00e1nov Ing. Franti\u0161ka Dosudila vyrobili pl\u00e1vaj\u00facu cie\u013eov\u00fa ve\u017eu pre rozhodcov pod n\u00e1zvom MANTA.<\/p>\r\n\r\n\r\n\r\n<p>Vytvorili sa t\u00fdm kvalitnej\u0161ie podmienky pre pretek\u00e1rov, ako aj podmienky pre organizovanie dom\u00e1cich s\u00fa\u0165a\u017e\u00ed.<\/p>\r\n\r\n\r\n\r\n<p>Kr\u00e1tko po vzniku Slovenskej republiky\u00a0 do\u0161lo k\u00a0od\u010dleneniu kanoistick\u00e9ho oddielu od TJ Spartak SLK Kom\u00e1rno a\u00a0v roku 1993 k\u00a0vytvoreniu Kajak &amp; kanoe klub Kom\u00e1rno, ktor\u00e9ho predsedom sa stal p\u00e1n Tibor So\u00f3s.<\/p>\r\n\r\n\r\n\r\n<p>V\u00a0druhej polovici 90.rokov, v\u00a0roku 1995, zaznamenali mlad\u00ed kom\u00e1r\u0148ansk\u00ed kajak\u00e1ri \u010fal\u0161\u00ed v\u00fdrazn\u00fd \u00faspech, ke\u010f sa \u0161tvorica Michal Riszdorfer, Juraj Ba\u010da, Martin Hlu\u0161ko a\u00a0Zsolt Bogd\u00e1ny stali\u00a0 juniorsk\u00fdmi majstrami sveta na 500 a\u00a01000 m trati a\u00a0v\u00a0roku 1997 z\u00edskali strieborn\u00e9 medaily z\u00a0eur\u00f3pskeho \u0161ampion\u00e1tu seniorov.<\/p>\r\n\r\n\r\n<div class=\"wp-block-image\">\r\n<figure class=\"aligncenter size-full\"><img loading=\"lazy\" decoding=\"async\" width=\"1280\" height=\"851\" class=\"wp-image-1997\" src=\"https:\/\/kajak.22projects.sk\/wp-content\/uploads\/2023\/01\/1996-dvojnasobny-majstri-sveta-juniorov-Tokio-Baca-Juraj-Risdorfer-Michal-Hrusko-Martin-Bogdany-Z.jpg\" alt=\"\" srcset=\"https:\/\/kajakkomarno.sk\/wp-content\/uploads\/2023\/01\/1996-dvojnasobny-majstri-sveta-juniorov-Tokio-Baca-Juraj-Risdorfer-Michal-Hrusko-Martin-Bogdany-Z.jpg 1280w, https:\/\/kajakkomarno.sk\/wp-content\/uploads\/2023\/01\/1996-dvojnasobny-majstri-sveta-juniorov-Tokio-Baca-Juraj-Risdorfer-Michal-Hrusko-Martin-Bogdany-Z-450x299.jpg 450w, https:\/\/kajakkomarno.sk\/wp-content\/uploads\/2023\/01\/1996-dvojnasobny-majstri-sveta-juniorov-Tokio-Baca-Juraj-Risdorfer-Michal-Hrusko-Martin-Bogdany-Z-1024x681.jpg 1024w, https:\/\/kajakkomarno.sk\/wp-content\/uploads\/2023\/01\/1996-dvojnasobny-majstri-sveta-juniorov-Tokio-Baca-Juraj-Risdorfer-Michal-Hrusko-Martin-Bogdany-Z-768x511.jpg 768w\" sizes=\"(max-width: 1280px) 100vw, 1280px\" \/><\/figure>\r\n<\/div>\r\n\r\n\r\n<p>Od roku 1998 sa medzi seniormi za\u010dala zlat\u00e1 \u00e9ra Michala Riszdorfera a\u00a0Juraja Ba\u010du.\u00a0 Na v\u00ed\u0165azn\u00fa vlnu nast\u00fapili\u00a0 Richard Riszdorfer a\u00a0Erik Vl\u010dek, ktor\u00ed\u00a0 sa v\u00a0roku 1999 stali juniorsk\u00fdmi majstrami sveta v\u00a0K2 na 1000 m trati a\u00a0na polovi\u010dnej trati z\u00edskali strieborn\u00e9 medaily.<\/p>\r\n\r\n\r\n\r\n<p>V rokoch 2001 a\u017e 2004 za\u017eila \u00faspe\u0161n\u00e9 obdobie pos\u00e1dka kom\u00e1r\u0148ansk\u00e9ho \u0161tvorkajaku Richard Riszdorfer, Michal Riszdorfer, Erik Vl\u010dek a Juraj Ba\u010da-nieko\u013ekon\u00e1sobn\u00ed majstri sveta a Eur\u00f3py.<\/p>\r\n\r\n\r\n\r\n\r\n<div class=\"wp-block-image\">\r\n<figure class=\"aligncenter size-full\"><img loading=\"lazy\" decoding=\"async\" width=\"1280\" height=\"850\" class=\"wp-image-2025\" src=\"https:\/\/kajak.22projects.sk\/wp-content\/uploads\/2023\/01\/2008-Peking-K4-striebrorna-medaila-RR-RM-VE-Tarr-Juraj-mladsi.jpg\" alt=\"\" srcset=\"https:\/\/kajakkomarno.sk\/wp-content\/uploads\/2023\/01\/2008-Peking-K4-striebrorna-medaila-RR-RM-VE-Tarr-Juraj-mladsi.jpg 1280w, https:\/\/kajakkomarno.sk\/wp-content\/uploads\/2023\/01\/2008-Peking-K4-striebrorna-medaila-RR-RM-VE-Tarr-Juraj-mladsi-450x299.jpg 450w, https:\/\/kajakkomarno.sk\/wp-content\/uploads\/2023\/01\/2008-Peking-K4-striebrorna-medaila-RR-RM-VE-Tarr-Juraj-mladsi-1024x680.jpg 1024w, https:\/\/kajakkomarno.sk\/wp-content\/uploads\/2023\/01\/2008-Peking-K4-striebrorna-medaila-RR-RM-VE-Tarr-Juraj-mladsi-768x510.jpg 768w\" sizes=\"(max-width: 1280px) 100vw, 1280px\" \/><\/figure>\r\n<p>&nbsp;<\/p>\r\n<p>&nbsp;<\/p>\r\n<p>&nbsp;<\/p>\r\n<p>&nbsp;<\/p>\r\n<\/div>\r\n\r\n\r\n<p>\u00daspechy, ktor\u00e9 dosahovala kom\u00e1r\u0148ansk\u00e1 r\u00fdchlostn\u00e1 kanoistika tak na zahrani\u010dn\u00fdch, ale aj dom\u00e1cich s\u00fa\u0165a\u017eiach v r\u00e1mci Slovensk\u00e9ho poh\u00e1ra,\u00a0 vyvolali\u00a0 \u010fal\u0161ie invest\u00edcie do materi\u00e1lneho zabezpe\u010denia pr\u00edpravy \u0161pi\u010dkov\u00fdch pretek\u00e1rov, ako aj mlad\u00fdch kanoistick\u00fdch n\u00e1dej\u00ed tak zo strany \u0161t\u00e1tu, SZRK ako aj \u00a0mesta.<\/p>\r\n\r\n\r\n\r\n<p>Na mieste, kde predt\u00fdm st\u00e1la pr\u00edzemn\u00e1 stavba tr\u00e9ningov\u00e9ho strediska kanoistiky, r\u00e1stlo nov\u00e9, moderne vybaven\u00e9 stredisko r\u00fdchlostnej kanoistiky, ktor\u00e9 bolo sl\u00e1vnostne odovzdan\u00e9 do u\u017e\u00edvania 12.12.2002.<\/p>\r\n\r\n\r\n\r\n<p>Kom\u00e1r\u0148ansk\u00e1 r\u00fdchlostn\u00e1 kanoistika sa aj v\u010faka t\u00fdmto podmienkam,\u00a0 ktor\u00fa nieko\u013eko desa\u0165ro\u010d\u00ed tvorili\u00a0 a rozv\u00edjali\u00a0 nad\u0161enci r\u00fdchlostnej kanoistiky, mohla rozv\u00edja\u0165.\u00a0 Boli to \u013eudia zanieten\u00ed pre kanoistiku z radov funkcion\u00e1rov, tr\u00e9nerov, pretek\u00e1rov a rodi\u010dov.\u00a0<\/p>\r\n<h2>\u00a0<\/h2>\r\n<h2>Rok 2015 &#8211; n\u00e1stup novej gener\u00e1cie vo veden\u00ed klubu<\/h2>\r\n<p>Podmienky pre r\u00fdchlostn\u00fa kanoistiku, ktor\u00e9 boli vytvoren\u00e9 v predch\u00e1dzaj\u00facich obdobiach predchodcami a nad\u0161encami r\u00fdchlostnej kanoistiky v Kom\u00e1rne s\u00fa obdivuhodn\u00e9. V skvalit\u0148ovan\u00ed podmienok na \u0161portov\u00fa pr\u00edpravu det\u00ed pokra\u010duje od roku 2015 gener\u00e1cia mlad\u00fdch, \u00faspe\u0161n\u00fdch, cie\u013eavedom\u00fdch \u013eud\u00ed, ktor\u00ed v <span lang=\"sk-SK\">kom\u00e1r\u0148anskom klube <\/span><span lang=\"sk-SK\">\u0161portovo aj osobnostne vyrastal<\/span><span lang=\"sk-SK\">i<\/span> <span lang=\"sk-SK\">a svoje sk\u00fasenosti, znalosti a schopnosti prostredn\u00edctvom projektov vyu\u017e\u00edvaj\u00fa <\/span><span lang=\"sk-SK\"> v prospech det\u00ed a v\u0161etk\u00fdch \u010dlenov klubu: v obdob\u00ed 2015 a\u017e 2020 viedol klub Ladislav Broczky a od roku 2021 \u00faspe\u0161ne pokra\u010duje v poz\u00edcii predsedu klubu Viktor Demin.\u00a0<\/span><\/p>\r\n<p>V\u010faka projektom sa uskuto\u010dnila rekon\u0161trukcie Strediska kanoistiky -ubytovacej \u010dasti, balk\u00f3nov, fas\u00e1dy a skladu lod\u00ed, <span lang=\"sk-SK\">r<\/span><span lang=\"sk-SK\">ekon\u0161trukciu Cie\u013eovej ve\u017ee MANTA, <\/span><span lang=\"sk-SK\">n\u00e1stupn\u00e9ho m\u00f3la, <\/span> \u00faprava vonkaj\u0161\u00edch priestorov klubu, obnovenie \u0161atn\u00ed, obnovenie webovej str\u00e1nky, n\u00e1kup \u0161portov\u00fdch lod\u00ed, p\u00e1diel, trena\u017e\u00e9rov potrebn\u00fdch pre \u0161portov\u00fa pr\u00edpravu.\u00a0 Ve\u013ek\u00e1 pozornos\u0165 sa venuje vzdel\u00e1vaniu tr\u00e9nerov a v neposlednom rade\u00a0 rozvoju schopnost\u00ed a zru\u010dnost\u00ed det\u00ed a kvalitnej \u0161portovej pr\u00edprave.\u00a0\u00a0<\/p>\r\n<figure id=\"attachment_4201\" aria-describedby=\"caption-attachment-4201\" style=\"width: 960px\" class=\"wp-caption alignnone\"><img loading=\"lazy\" decoding=\"async\" class=\"wp-image-4201 size-full\" src=\"https:\/\/kajakkomarno.sk\/wp-content\/uploads\/2023\/11\/MANTA-VCK-06.jpg\" alt=\"\" width=\"960\" height=\"720\" srcset=\"https:\/\/kajakkomarno.sk\/wp-content\/uploads\/2023\/11\/MANTA-VCK-06.jpg 960w, https:\/\/kajakkomarno.sk\/wp-content\/uploads\/2023\/11\/MANTA-VCK-06-450x338.jpg 450w, https:\/\/kajakkomarno.sk\/wp-content\/uploads\/2023\/11\/MANTA-VCK-06-768x576.jpg 768w\" sizes=\"(max-width: 960px) 100vw, 960px\" \/><figcaption id=\"caption-attachment-4201\" class=\"wp-caption-text\">Cie\u013eov\u00e1 ve\u017ea Manta v roku 2020 v novom \u0161ate<\/figcaption><\/figure>\r\n<h1 align=\"justify\">\u00a0<\/h1>\r\n<h1 align=\"justify\">Ve\u013ek\u00e1 <span lang=\"sk-SK\">c<\/span>ena Kom\u00e1rna- o<span lang=\"sk-SK\"> jej zrode a v\u00fdvoji<\/span><\/h1>\r\n<p>Ve\u013ek\u00e1 cena Kom\u00e1rna patr\u00ed medzi v\u00fdznamn\u00e9 \u0161portov\u00e9 podujatia <span lang=\"sk-SK\">v na\u0161om meste a svoju hist\u00f3riu za\u010dala p\u00edsa\u0165 v roku 1959. <\/span>Vzniku Ve\u013ekej ceny predch\u00e1dzali v rokoch 1955 a\u017e 1957 medzikrajov\u00e9 preteky kajak\u00e1rov a kanoistov medzi dru\u017estvami Banskej Bystrice a Nitry na m\u0155tvom ramene V\u00e1hu.\u00a0V roku 1958 podujatie nieslo n\u00e1zov Kom\u00e1r\u0148ansk\u00e1 p\u00e4\u0165stovka a okrem miestneho dru\u017estva sa na \u0148om z\u00fa\u010dastnili aj pretek\u00e1ri zo \u0160t\u00farova a Nov\u00e1k. Kom\u00e1r\u0148ansk\u00e9 regaty v\u0161ak v tomto obdob\u00ed e\u0161te neboli v term\u00ednovom kalend\u00e1ri V\u00fdboru Zv\u00e4zu kanoistiky.<\/p>\r\n<h3><span lang=\"sk-SK\">1. ro\u010dn\u00edk <\/span> Ve\u013ekej ceny SLK v roku 1959<\/h3>\r\n<p align=\"justify\">Patron\u00e1t nad pretekmi kajak\u00e1rov a kanoistov prevzal v roku 1959 najv\u00e4\u010d\u0161\u00ed podnik v\u00a0regi\u00f3ne &#8211; Slovensk\u00e9 lodenice Kom\u00e1rno a <span lang=\"sk-SK\">v tomto roku <\/span> sa zrodila Ve\u013ek\u00e1 cena Slovensk\u00fdch loden\u00edc Kom\u00e1rno.<\/p>\r\n<p align=\"justify\">1. ro\u010dn\u00edk Ve\u013ekej ceny Slovensk\u00fdch loden\u00edc Kom\u00e1rno sa uskuto\u010dnil v d\u0148och 26. a 27. septembra 1959 na m\u0155tvom ramene V\u00e1hu. Organizoval ho oddiel vodn\u00fdch \u0161portov TJ Spartak SLK Kom\u00e1rno, preto sa okrem kanoistiky s\u00fa\u0165a\u017eilo aj v jachtingu a plachten\u00ed.<\/p>\r\n<p align=\"justify\">Kanoistick\u00e9 s\u00faboje sa odohr\u00e1vali len na 500 m trati za \u00fa\u010dasti pretek\u00e1rov z Kom\u00e1rna a z piatich bratislavsk\u00fdch oddielov (Tatran, \u010cH, Vinohrady, Slovnaft, Sl\u00e1via UK). Hlavn\u00e1 bola s\u00fa\u0165a\u017e dru\u017estiev. S\u00faboj Bratislava \u2013 Kom\u00e1rno vyznel po celkovom s\u010d\u00edtan\u00ed bodov 33:30 pre host\u00ed. Bratislav\u010dania ako trofej \u2013 Ve\u013ek\u00fa cenu \u2013 dostali ve\u013ek\u00fd zar\u00e1movan\u00fd obraz osobnej lode. Mala to by\u0165 putovn\u00e1 cena, ale do Kom\u00e1rna sa obraz u\u017e viac nevr\u00e1til. V kateg\u00f3rii mu\u017eov celkove dominovali v K1 a v C1 pretek\u00e1ri, ktor\u00ed sa zaradili aj do absol\u00fatnej svetovej \u0161pi\u010dky a \u0161tartovali aj na OH &#8211; Ladislav \u010cep\u010diansky a Tibor Polakovi\u010d.<\/p>\r\n<p align=\"justify\">Preteky takmer v\u017edy otv\u00e1ral predseda TJ Spartak Kom\u00e1rno a riadite\u013eom pretekov bol spravidla predseda oddielu r\u00fdchlostnej kanoistiky. Ceny zvy\u010dajne odovzd\u00e1val riadite\u013e loden\u00edc, alebo niekto z vedenia z\u00e1vodu.<\/p>\r\n<p align=\"justify\">Trad\u00edcia podujatia sa od roku 1959 ani raz nepreru\u0161ila.<\/p>\r\n<h3>Zmena n\u00e1zvu<\/h3>\r\n<p align=\"justify\">Ve\u013ek\u00e1 cena Slovensk\u00fdch loden\u00edc v\u0161ak pre\u0161la zmenami n\u00e1zvu:<\/p>\r\n<p align=\"justify\">&#8211; v roku 2000 sa 42. ro\u010dn\u00edk sa uskuto\u010dnil pod n\u00e1zvom Ve\u013ek\u00e1 cena Kom\u00e1rna a SLK<\/p>\r\n<p align=\"justify\">&#8211; od roku 2001, od 43. ro\u010dn\u00edka sa toto podujatie uskuto\u010d<span lang=\"sk-SK\">\u0148uje <\/span>pod s\u00fa\u010dasn\u00fdm n\u00e1zvom Ve\u013ek\u00e1 cena Kom\u00e1rna.<\/p>\r\n<h3><span lang=\"sk-SK\">P<\/span>reteky s medzin\u00e1rodnou \u00fa\u010das\u0165ou<\/h3>\r\n<p align=\"justify\">Napriek zvy\u010dajnej \u00fa\u010dasti mno\u017estva reprezentantov v seniorsk\u00fdch kateg\u00f3ri\u00e1ch treba poveda\u0165, \u017ee najv\u00e4\u010d\u0161ie s\u00faboje sa v Kom\u00e1rne odohr\u00e1vali v\u00a0ml\u00e1de\u017en\u00edckych kateg\u00f3ri\u00e1ch a naj\u00faspe\u0161nej\u0161\u00ed oddiel na z\u00e1ver podujatia z\u00edskava Poh\u00e1r ml\u00e1de\u017ee.<\/p>\r\n<p align=\"justify\">V Kom\u00e1rne na pretekoch doteraz \u0161tartovali vod\u00e1ci z b\u00fdvalej Juhosl\u00e1vie, Ma\u010farska, Moldavska, Slovinska, Chorv\u00e1tska, Nemecka, Talianska, Franc\u00fazska, Rak\u00faska, \u0160k\u00f3tska, dokonca aj z USA a Venezuely<\/p>\r\n<h3>Pretek\u00e1ri zap\u00edsan\u00ed na listine v\u00ed\u0165azov<\/h3>\r\n<p align=\"justify\">\u00a0Do listiny v\u00ed\u0165azov sa po\u010das <span lang=\"sk-SK\">65<\/span> ro\u010dn\u00edkov\u00a0 zap\u00edsali pretek\u00e1ri, \u00faspe\u0161n\u00ed olympionici, medailisti z majstrovstiev sveta a Eur\u00f3py. Viacn\u00e1sobn\u00fdmi v\u00ed\u0165azmi sa stali kajak<span lang=\"sk-SK\">\u00e1<\/span>ri:\u00a0 \u013dubom\u00edr Kadn\u00e1r, Miroslav Haviar, F\u00e9lix Mas\u00e1r, Ladislav Nagy, \u013dubor \u0160tark, Attila Szab\u00f3, R\u00f3bert Erban, Michal Riszdorfer, Erik Vl\u010dek, Juraj Tarr, \u013dubom\u00edr Be\u0148o, Marko Ujv\u00e1ri<span lang=\"sk-SK\"> a <\/span>Adam Botek, kanoisti: Tibor Polakovi\u010d, Franti\u0161ek Dos\u00fadil st., J\u00e1n Zajac, Vojtech Halmo, Radom\u00edr Bla\u017e\u00edk, Milan Va\u0161\u00e1k, Pavol Rusn\u00e1k, Csaba Orosz, Slavom\u00edr K\u0148azovick\u00fd, Peter P\u00e1le\u0161, Anton Grassl, Daniel Biksadsk\u00fd, <span lang=\"sk-SK\">D\u00e1vid Fekete, Mat\u00fa\u0161 Mateji\u010dka<\/span> a medzi \u017eenami dominovali: Hana Domonko\u0161ov\u00e1, Adela Jakabov\u00e1, Viera \u0160ab\u00edkov\u00e1, Jana Polakovi\u010dov\u00e1,\u00a0 Eva Hochshornerov\u00e1, Martina Kohlov\u00e1, Ivana Kme\u0165ov\u00e1, Nikola Zatlkajov\u00e1, Tamara Tak\u00e1cs, Lisa Maria Gamsj\u00e4ger, L\u00edvia Vreckov\u00e1, R\u00e9ka Bug\u00e1r, Mariana Petru\u0161ov\u00e1, Patr\u00edcia Guspanov\u00e1, Benedek Szmandrai.<\/p>\r\n<h3 align=\"justify\">Preteky \u201eOld Boys\u201c<\/h3>\r\n<p>Ve\u013emi peknou trad\u00edciou b\u00fdvaj\u00fa preteky \u0161tvorkajakov \u201e Old boys\u201c na 200 m. Stret\u00e1vaj\u00fa sa tu b\u00fdval\u00ed pretek\u00e1ri Kajak &amp; kanoe klubu Kom\u00e1rno, ktor\u00ed pre\u017eili svoje detstvo a mlados\u0165 v kajak\u00e1rni a p\u00e1dla u\u017e zavesili na klinec. Pos\u00e1dky sa losuj\u00fa a tieto preteky maj\u00fa ve\u013ek\u00fd ohlas u <span lang=\"sk-SK\">v\u0161etk\u00fdch pretek\u00e1rov, fan\u00fa\u0161ikov a priaznivcov r\u00fdchlostnej kanoistiky.<\/span><\/p>\r\n<h3>Ve\u013ek\u00e1 cena Kom\u00e1rna pokra\u010duje aj po genera\u010dnej v\u00fdmene<\/h3>\r\n<p>Dlhoro\u010dn<span lang=\"sk-SK\">\u00fdmi vynikaj\u00facimi<\/span> organiz\u00e1tormi Ve\u013ekej ceny Kom\u00e1rna boli Tibor SO\u00d3S a Franti\u0161ek DOS\u00daDIL, ktor\u00fd bol riadite\u013eom pretekov od roku 1973. \u0160tafetu od p\u00e1na Tibora So\u00f3sa a Franti\u0161ka Dos\u00fadila prevzal v roku 2015 Ladislav BROCZKY a od roku 2021 s\u00fa\u010dasn\u00fd predseda klubu Viktor DEMIN. Aj v\u010faka nim pokra\u010duje trad\u00edcia v organizovan\u00ed Ve\u013ekej ceny Kom\u00e1rna na vysokej \u00farovni .<\/p>\r\n<h3>Memori\u00e1l Vojtecha Halma<\/h3>\r\n<p align=\"justify\">Od roku 2016, kedy sa konal 58. ro\u010dn\u00edk Ve\u013ekej ceny Kom\u00e1rna, sa uskuto\u010d\u0148uje Memori\u00e1l Vojtecha Halma na po\u010des\u0165 vynikaj\u00faceho pretek\u00e1ra, tr\u00e9nera a \u010dloveka, ktor\u00fd n\u00e1s nav\u017edy opustil na sklonku roku 2015. Putovn\u00fd poh\u00e1r z\u00edskava v\u00ed\u0165az v discipl\u00edne C1 juniori na 500 metrovej trati. Prv\u00fdm dr\u017eite\u013eom tohto poh\u00e1ra bol pretek\u00e1r Kajak &amp; kanoe klubu Kom\u00e1rno, kanoista Samuel S\u00fdkora.<\/p>\r\n<h3>Hviezdna \u00fa\u010das\u0165 na 60. ro\u010dn\u00edku Ve\u013ekej ceny Kom\u00e1rna<\/h3>\r\n<p align=\"justify\">Jubilejn\u00fd 60. ro\u010dn\u00edk Ve\u013ekej ceny Kom\u00e1rna v roku 2018 sa podarilo osl\u00e1vi\u0165 skuto\u010dne ve\u013ekolepo. Do Kom\u00e1rna na Ve\u013ek\u00fa cenu <span lang=\"sk-SK\">zav\u00edtali <\/span> pretek\u00e1ri svetovej \u00farovne: olympijsk<span lang=\"sk-SK\">\u00ed<\/span> medailisti, svetov\u00ed a\u00a0eur\u00f3pski \u0161ampi\u00f3ni. Bolo to v\u010faka <span lang=\"sk-SK\">t<\/span>r\u00e9nerovi na\u0161ej \u00faspe\u0161nej K4 Petrovi Lik\u00e9rovi, ktor\u00fd oslovil elitn\u00fdch pretek\u00e1rov a oni toto pozvanie radi prijali. A\u00a0tak sa <span lang=\"sk-SK\">tu <\/span>zi\u0161lo hviezdne obsadenie: Josef Dost\u00e1l, B\u00e1lint Kopasz, S\u00e1ndor T\u00f3tka, P\u00e9ter Moln\u00e1r, D\u00e1vid T\u00f3th, Bal\u00e1zs Birk\u00e1s, James Iuaen. Tamara Tak\u00e1cs, Krisztina Bedecs a\u00a0na\u0161i najlep\u0161\u00ed: Erik Vl\u010dek, Juraj Tarr, Adam Botek,\u00a0Csaba Zalka, Denis My\u0161\u00e1k a\u00a0Martina Kohlov\u00e1. Bol to ur\u010dite nezabudnute\u013en\u00fd z\u00e1\u017eitok pre v\u0161etk\u00fdch fan\u00fa\u0161ikov a podporovate\u013eov r\u00fdchlostnej.<\/p>\r\n<figure id=\"attachment_4209\" aria-describedby=\"caption-attachment-4209\" style=\"width: 672px\" class=\"wp-caption aligncenter\"><img loading=\"lazy\" decoding=\"async\" class=\"wp-image-4209 size-full\" src=\"https:\/\/kajakkomarno.sk\/wp-content\/uploads\/2023\/11\/Plagat-VCK-2018.jpg\" alt=\"\" width=\"672\" height=\"960\" srcset=\"https:\/\/kajakkomarno.sk\/wp-content\/uploads\/2023\/11\/Plagat-VCK-2018.jpg 672w, https:\/\/kajakkomarno.sk\/wp-content\/uploads\/2023\/11\/Plagat-VCK-2018-315x450.jpg 315w\" sizes=\"(max-width: 672px) 100vw, 672px\" \/><figcaption id=\"caption-attachment-4209\" class=\"wp-caption-text\">Plag\u00e1t k jubilejnej 60. Ve\u013ekej ceny Kom\u00e1rna<\/figcaption><\/figure>\r\n<h3>Ve\u013ek\u00e1 cena Kom\u00e1rna v rokoch 2020 a 2021, v obdob\u00ed pand\u00e9mie koronav\u00edrusu<\/h3>\r\n<p align=\"justify\">62. ro\u010dn\u00edk Ve\u013ekej ceny Kom\u00e1rna sa uskuto\u010dnil v netradi\u010dnom form\u00e1te a term\u00edne. P\u00f4vodne sa mali<span lang=\"sk-SK\"> preteky<\/span> uskuto\u010dni\u0165 v d\u0148och 13.06. a\u017e 14.06.2020. Pand\u00e9mia koronav\u00edrusu v\u0161ak bola proti. Ru\u0161ili sa podujatia, vr\u00e1tane \u0161portov\u00fdch a do zoznamu zru\u0161en\u00fdch pretekov sa dostala aj Ve\u013ek\u00e1 cena Kom\u00e1rna.<\/p>\r\n<p align=\"justify\">Po postupnom uvo\u013e\u0148ovan\u00ed opatren\u00ed, ktor\u00e9 umo\u017e\u0148ovalo organizovanie \u0161portov\u00fdch podujat\u00ed, \u0160portovo &#8211; technick\u00e1 komisia vyhovela \u017eiadosti Kajak &amp; kanoe klubu Kom\u00e1rno na usporiadanie Ve\u013ekej ceny Kom\u00e1rna d\u0148a 06.09.2020.<\/p>\r\n<p align=\"justify\">63.ro\u010dn\u00edk Ve\u013ekej ceny Kom\u00e1rna v r\u00fdchlostnej kanoistike, ktor\u00fd sa uskuto\u010dnil v d\u0148och 12. a 13.j\u00fana 2021, bol podobne ako v roku 2020 ovplyvnen<span lang=\"sk-SK\">\u00fd <\/span>v\u00fdvojom epidemiologickej situ\u00e1cie na Slovensku.<\/p>\r\n<p align=\"justify\">Kajak &amp; kanoe klub Kom\u00e1rno, aj napriek s\u0165a\u017een\u00fdm podmienkam, premi\u00e9rovo pod veden\u00edm nov\u00e9ho predsedu klubu Viktora Demina, organiz\u00e1ciu pretekov zvl\u00e1dol na ve\u013emi dobrej \u00farovni. V tomto roku sa kv\u00f4li obmedzeniam neuskuto\u010dnilo sl\u00e1vnostn\u00e9 zah\u00e1jenie Ve\u013ekej ceny Kom\u00e1rna, ktor\u00e9 sa obvykle konalo v predve\u010der pretekov.<\/p>\r\n<h3 align=\"justify\">Od roku 2022 sa Ve\u013ek\u00e1 cena Kom\u00e1rna u\u017e v tradi\u010dnom form\u00e1te<\/h3>\r\n<p align=\"justify\">64.Ve\u013ek\u00e1 cena Kom\u00e1rna sa konala v d\u0148och 11. a 12.06.2022. Po dvojro\u010dnej n\u00fatenej prest\u00e1vke sa uskuto\u010dnilo v predve\u010der pretekov sl\u00e1vnostn\u00e9 zah\u00e1jenie za \u00fa\u010dasti pozvan\u00fdch host\u00ed, sponzorov, pretek\u00e1rov a rodi\u010dov. Zaznamenali sme bohat<span lang=\"sk-SK\">\u00fa <\/span>\u00fa\u010das\u0165 viac ako 400 pretek\u00e1rov z 29 oddielov zo Slovenska, Ma\u010farska a Talianska. <span lang=\"sk-SK\">O<\/span>rganiz\u00e1tori pod veden\u00edm Viktora Demina odviedli skvel\u00fa pr\u00e1cu, o \u010dom sved\u010d\u00ed pr\u00edjemn\u00e1 atmosf\u00e9ra, kr\u00e1sne \u0161portov\u00e9 v\u00fdkony a spokojnos\u0165 v\u0161etk\u00fdch \u00fa\u010dastn\u00edkov.<\/p>\r\n<h2 align=\"justify\">\u00a0<\/h2>\r\n<h2 align=\"justify\">Ocenenia a vyznamenania\u00a0<\/h2>\r\n<p>Pretek\u00e1ri a tr\u00e9neri Kajak &amp; kanoe klubu Kom\u00e1rno dosahuj\u00fa dlhodobo vynikaj\u00face v\u00fdsledky, robia\u00a0 dobr\u00e9 meno svojmu klubu, mestu Kom\u00e1rno a Slovensku. V\u00fdsledky klubu nezost\u00e1vaj\u00fa nepov\u0161imnut\u00e9. Pretek\u00e1ri a tr\u00e9neri klubu s\u00fa oce\u0148ovan\u00ed v r\u00e1mci Slovenskej kanoistiky, rezortn\u00fdch \u0161portov\u00fdch stred\u00edsk a Slovensk\u00e9ho olympijsk\u00e9ho a \u0161portov\u00e9ho v\u00fdboru a s\u00fa ka\u017edoro\u010dne oce\u0148ovan\u00ed ako naj\u00faspe\u0161nej\u0161\u00ed \u0161portovci mesta Kom\u00e1rno a Nitrianskeho samospr\u00e1vneho kraja.<\/p>\r\n<p>Kajak &amp; kanoe klub Kom\u00e1rno patr\u00ed medzi naj\u00faspe\u0161nej\u0161ie kluby r\u00fdchlostnej kanoistiky na Slovensku. Sved\u010d\u00ed o tom aj skuto\u010dnos\u0165, \u017ee\u00a0 v r\u00e1mci hodnotenia Slovensk\u00e9ho poh\u00e1ra sa Kajak &amp; kanoe klub Kom\u00e1rno umiest\u0148uje na popredn\u00fdch miestach. V rokoch 2017- 2019 a 2021- 2023 sa klub stal\u00a0 v\u00ed\u0165azom Slovensk\u00e9ho poh\u00e1ra. K preru\u0161eniu \u0161portovej \u010dinnosti a v\u00ed\u0165aznej s\u00e9rie do\u0161lo v roku 2020, ke\u010f vrcholila pand\u00e9mia koronav\u00edrusu a t\u00e1to sez\u00f3na nebola hodnoten\u00e1. Ru\u0161ili sa podujatia, vr\u00e1tane \u0161portov\u00fdch a dom\u00e1ce preteky sa konali v obmedzenom re\u017eime. Aj v t\u00fdchto n\u00e1ro\u010dn\u00fdch podmienkach sa tr\u00e9neri a pretek\u00e1ri dok\u00e1zali prisp\u00f4sobi\u0165 v pr\u00edprave vyn\u00faten\u00fdm zmen\u00e1m\u00a0 a klub sa udr\u017eal vo v\u00fdbornej forme.<\/p>\r\n<figure id=\"attachment_4199\" aria-describedby=\"caption-attachment-4199\" style=\"width: 960px\" class=\"wp-caption aligncenter\"><img loading=\"lazy\" decoding=\"async\" class=\"wp-image-4199 size-full\" src=\"https:\/\/kajakkomarno.sk\/wp-content\/uploads\/2023\/11\/KKK-2019-001.jpg\" alt=\"\" width=\"960\" height=\"595\" srcset=\"https:\/\/kajakkomarno.sk\/wp-content\/uploads\/2023\/11\/KKK-2019-001.jpg 960w, https:\/\/kajakkomarno.sk\/wp-content\/uploads\/2023\/11\/KKK-2019-001-450x279.jpg 450w, https:\/\/kajakkomarno.sk\/wp-content\/uploads\/2023\/11\/KKK-2019-001-768x476.jpg 768w\" sizes=\"(max-width: 960px) 100vw, 960px\" \/><figcaption id=\"caption-attachment-4199\" class=\"wp-caption-text\">Zasl\u00fa\u017een\u00e9 v\u00ed\u0165azstv\u00e1 klubu v Slovenskom poh\u00e1ri<\/figcaption><\/figure>\r\n<h3>\u0160t\u00e1tne vyznamenanie pre Tibora So\u00f3sa<\/h3>\r\n<p>ROK 2020 bol v\u0161ak v\u00fdnimo\u010dn\u00fd pre cel\u00fd n\u00e1\u0161 klub, pre slovensk\u00fa r\u00fdchlostn\u00fa kanoistiku:<\/p>\r\n<p><strong>\u0160T\u00c1TNYM VYZNAMENAN\u00cdM RAD \u013dUDOV\u00cdTA \u0160T\u00daRA II. TRIEDY za mimoriadne z\u00e1sluhy o rozvoj v oblasti \u0161portu bol ocenen\u00fd p\u00e1n <\/strong><strong>\u00a0TIBOR\u00a0 \u00a0S O \u00d3 S.<\/strong><\/p>\r\n<p>Kanoistika mu u\u010darovala u\u017e v detstve. Bol juniorsk\u00fdm reprezentantom \u010cSSR a viacn\u00e1sobn\u00fd majster Slovenska v C2. Kanoistika bola a na\u010falej zost\u00e1va jeho celo\u017eivotnou v\u00e1\u0161\u0148ou, o to pozoruhodnej\u0161ie je, \u017ee sa jej venuje cel\u00e9 desa\u0165ro\u010dia popri zamestnan\u00ed. Takmer tridsa\u0165 rokov viedol v Kom\u00e1rne naj\u00faspe\u0161nej\u0161\u00ed slovensk\u00fd kanoistick\u00fd klub KKK a ako tr\u00e9ner prispel k \u00faspechom silnej gener\u00e1cie kom\u00e1r\u0148ansk\u00fdch olympijsk\u00fdch v\u00ed\u0165azov a majstrov sveta i Eur\u00f3py. Za jeho v\u00fdnimo\u010dne \u00faspe\u0161n\u00e9 tr\u00e9nersk\u00e9 p\u00f4sobenie z\u00edskal aj nieko\u013eko ocenen\u00ed Slovensk\u00e9ho olympijsk\u00e9ho v\u00fdboru.<\/p>\r\n<figure id=\"attachment_4211\" aria-describedby=\"caption-attachment-4211\" style=\"width: 960px\" class=\"wp-caption aligncenter\"><img loading=\"lazy\" decoding=\"async\" class=\"wp-image-4211 size-full\" src=\"https:\/\/kajakkomarno.sk\/wp-content\/uploads\/2023\/11\/SOOS-TIBOR.jpg\" alt=\"\" width=\"960\" height=\"536\" srcset=\"https:\/\/kajakkomarno.sk\/wp-content\/uploads\/2023\/11\/SOOS-TIBOR.jpg 960w, https:\/\/kajakkomarno.sk\/wp-content\/uploads\/2023\/11\/SOOS-TIBOR-450x251.jpg 450w, https:\/\/kajakkomarno.sk\/wp-content\/uploads\/2023\/11\/SOOS-TIBOR-768x429.jpg 768w\" sizes=\"(max-width: 960px) 100vw, 960px\" \/><figcaption id=\"caption-attachment-4211\" class=\"wp-caption-text\">\u0160t\u00e1tne vyznamenanie odovzdala p\u00e1novi Tiborovi SO\u00d3SOVI prezidentka Slovenskej republiky pani Zuzana \u010caputov\u00e1 pri pr\u00edle\u017eitosti 27.v\u00fdro\u010dia vzniku Slovenskej republiky.<\/figcaption><\/figure>\r\n<h2>KAJAK\u00c1RI Z KOM\u00c1RNA- HRDINOVIA OLYMPI\u00c1D OD SOULU A\u017d PO TOKYO<\/h2>\r\n<p>V roku 1988 sa na\u0161tartovala v\u00fdnimo\u010dn\u00e1 olympijsk\u00e1 \u00e9ra kom\u00e1r\u0148anskej r\u00fdchlostnej kanoistiky. Nepretr\u017eite v\u00a0rade sa na \u00f4smych Olympijsk\u00fdch hr\u00e1ch od Soulu 1988 a\u017e po Tokyo 2020 z\u00fa\u010dastnilo 8 v\u00fdnimo\u010dn\u00fdch kom\u00e1r\u0148ansk\u00fdch kajak\u00e1rov.<\/p>\r\n<h2>Medzi \u00faspe\u0161n\u00fdch olympionikov z\u00a0Kajak &amp; kanoe klubu Kom\u00e1rno sa zap\u00edsali:<\/h2>\r\n<p><span style=\"color: #0000ff;\"><strong>Attila SZAB\u00d3- tri olympijsk\u00e9 \u00fa\u010dasti<\/strong><\/span><\/p>\r\n<p><span style=\"color: #0000ff;\"><strong>Jozef TURZA- jedna olympijsk\u00e1 \u00fa\u010das\u0165<\/strong><\/span><\/p>\r\n<p><span style=\"color: #0000ff;\"><strong>Juraj BA\u010cA- dve olympijsk\u00e9 \u00fa\u010dasti a\u00a0jedna medaila ( 1xbronz)<\/strong><\/span><\/p>\r\n<p><span style=\"color: #0000ff;\"><strong>Michal RISZDORFER \u2013 tri olympijsk\u00e9 \u00fa\u010dasti a\u00a0dve medaily ( 1xstriebro a\u00a01xbronz)<\/strong><\/span><\/p>\r\n<p><span style=\"color: #0000ff;\"><strong>Richard RISZDORFER &#8211; tri olympijsk\u00e9 \u00fa\u010dasti a\u00a0dve medaily ( 1xstriebro a\u00a01xbronz)<\/strong><\/span><\/p>\r\n<p><span style=\"color: #0000ff;\"><strong>Juraj TARR \u2013 \u0161tyri olympijsk\u00e9 \u00fa\u010dasti a\u00a0dve medaily ( 2xstriebro)<\/strong><\/span><\/p>\r\n<p><span style=\"color: #0000ff;\"><strong>Erik VL\u010cEK- \u0161es\u0165 olympijsk\u00fdch \u00fa\u010dast\u00ed a\u00a0\u0161tyri medaily ( 2x striebro a\u00a02x bronz)<\/strong><\/span><\/p>\r\n<p><span style=\"color: #0000ff;\"><strong>Adam BOTEK- jedna olympijsk\u00e1 \u00fa\u010das\u0165 a jedna medaila ( 1 x bronz )<\/strong><\/span><\/p>\r\n<h1>\u00a0<\/h1>\r\n<h1>Tabule \u00faspechov\u00a0<\/h1>\r\n<p class=\"western\">V s\u00fa\u010dasnosti \u00faspechy r\u00fdchlostn\u00fdch kanoistov z Kom\u00e1rna na vrcholn\u00fdch medzin\u00e1rodn\u00fdch podujatiach pripom\u00ednaj\u00fa Tabule \u00faspechov, ktor\u00e9 zdobia vestibul na\u0161ej kajak\u00e1rne- Centra r\u00fdchlostnej kanoistiky. Bola to skvel\u00e1 my\u0161lienka s\u00fa\u010dasn\u00e9ho predsedu klubu Viktora Demina, ktor\u00fd v kom\u00e1r\u0148anskom klube vyrastal, dosahoval vynikaj\u00face \u0161portov\u00e9 v\u00fdsledky a vie, ko\u013eko poctivej a tvrdej pr\u00e1ce, \u00fasilia, odriekania je za t\u00fdmito v\u00fdsledkami.\u00a0 \u00a0<\/p>\r\n<figure id=\"attachment_4203\" aria-describedby=\"caption-attachment-4203\" style=\"width: 720px\" class=\"wp-caption aligncenter\"><img loading=\"lazy\" decoding=\"async\" class=\"wp-image-4203 size-full\" src=\"https:\/\/kajakkomarno.sk\/wp-content\/uploads\/2023\/11\/TAB-USPECHOV-23712.jpg\" alt=\"\" width=\"720\" height=\"960\" srcset=\"https:\/\/kajakkomarno.sk\/wp-content\/uploads\/2023\/11\/TAB-USPECHOV-23712.jpg 720w, https:\/\/kajakkomarno.sk\/wp-content\/uploads\/2023\/11\/TAB-USPECHOV-23712-338x450.jpg 338w\" sizes=\"(max-width: 720px) 100vw, 720px\" \/><figcaption id=\"caption-attachment-4203\" class=\"wp-caption-text\">Jedna z tab\u00fa\u013e umiestnen\u00e1 vo vstupnej hale, ktor\u00e1 pripom\u00edna v\u00fdnimo\u010dn\u00e9 \u00faspechy pretek\u00e1rov Kajak &amp; kanoe klubu Kom\u00e1rno<\/figcaption><\/figure>\r\n<p>&nbsp;<\/p>\r\n\r\n\r\n\r\n\r\n\r\n\r\n\r\n\r\n\r\n<h2 class=\"wp-block-heading\"><strong>Predsedovia kanoistick\u00e9ho oddielu v jednotliv\u00fdch obdobiach:<\/strong><\/h2>\r\n\r\n\r\n\r\n<p>D\u00f4le\u017eit\u00fa \u00falohu v jednotliv\u00fdch obdobiach mali najm\u00e4 predsedovia oddielu r\u00fdchlostnej kanoistiky, ktor\u00fdch sa od vzniku vystriedalo nieko\u013eko.<\/p>\r\n<p>\r\n\r\n<\/p>\r\n<p>rok 1953\u00a0\u00a0\u00a0\u00a0\u00a0\u00a0\u00a0\u00a0\u00a0\u00a0\u00a0\u00a0\u00a0\u00a0\u00a0 N. Urb\u00e1nek<\/p>\r\n\r\n\r\n\r\n<p>1954 \u2013 1958\u00a0\u00a0\u00a0\u00a0\u00a0\u00a0\u00a0\u00a0\u00a0 Jaroslav Slav\u00edk<\/p>\r\n\r\n\r\n\r\n<p>1958 \u2013 1963\u00a0\u00a0\u00a0\u00a0\u00a0\u00a0\u00a0\u00a0\u00a0 Ladislav Cs\u00e9pl\u0151<\/p>\r\n\r\n\r\n\r\n<p>1963 \u2013 1968\u00a0\u00a0\u00a0\u00a0\u00a0\u00a0\u00a0\u00a0\u00a0 J\u00e1n Berta<\/p>\r\n\r\n\r\n\r\n<p>1968 \u2013 1972\u00a0\u00a0\u00a0\u00a0\u00a0\u00a0\u00a0\u00a0\u00a0 Juraj \u0160\u00e1ro<\/p>\r\n\r\n\r\n\r\n<p>1972 \u2013 1973\u00a0\u00a0\u00a0\u00a0\u00a0\u00a0\u00a0\u00a0\u00a0 Karol Lacko<\/p>\r\n\r\n\r\n\r\n<p>1973 \u2013 1977\u00a0\u00a0\u00a0\u00a0\u00a0\u00a0\u00a0\u00a0\u00a0 Ing. Franti\u0161ek Dosudil<\/p>\r\n\r\n\r\n\r\n<p>1977 \u2013 1981\u00a0\u00a0\u00a0\u00a0\u00a0\u00a0\u00a0\u00a0\u00a0 Mikul\u00e1\u0161 Szab\u00f3<\/p>\r\n\r\n\r\n\r\n<p>1981 \u2013 1985\u00a0\u00a0\u00a0\u00a0\u00a0\u00a0\u00a0\u00a0\u00a0 Ing. Tibor So\u00f3s<\/p>\r\n\r\n\r\n\r\n<p>1985 \u2013 1992\u00a0\u00a0\u00a0\u00a0\u00a0\u00a0\u00a0\u00a0\u00a0 Mikul\u00e1\u0161 Szab\u00f3<\/p>\r\n\r\n\r\n\r\n<p>1993 &#8211; \u00a02015 \u00a0 \u00a0 \u00a0 \u00a0 Ing. Tibor So\u00f3s<\/p>\r\n\r\n\r\n\r\n<p>2015 &#8211; 2020\u00a0 \u00a0 \u00a0 \u00a0 \u00a0Mgr. Ladislav Broczky<\/p>\r\n\r\n\r\n\r\n<p>od roku 2021\u00a0 \u00a0 \u00a0 \u00a0Mgr. Viktor Demin<\/p>\r\n<p>\u010cestn\u00fdm predsedom Kom\u00e1r\u0148ansk\u00e9ho kajak kanoe klubu (KKKK) je p\u00e1n Ladislav Cs\u00e9pl\u0151.<\/p>\r\n\r\n\r\n\r\n\r\n\r\n\r\n\r\n<h2 class=\"wp-block-heading\"><strong>Tr\u00e9neri kom\u00e1r\u0148ansk\u00e9ho oddielu r\u00fdchlostnej kanoistiky<\/strong><\/h2>\r\n\r\n\r\n\r\n<p>Ve\u013ek\u00fd podiel na \u00faspechoch kom\u00e1r\u0148anskej kanoistiky maj\u00fa aj tr\u00e9neri.<\/p>\r\n\r\n\r\n\r\n<p>Prv\u00e9 roky kom\u00e1r\u0148ansk\u00fdch pretek\u00e1rov v\u00a0r\u00fdchlostnej kanoistike tr\u00e9noval\u00a0<strong>\u013dubom\u00edr Domes<\/strong>, ktor\u00e9ho v roku 1956 vystriedal fundovan\u00fd tr\u00e9ner\u00a0<strong>Karol Popelu\u0161\u00e1k<\/strong>.\u00a0 Od roku 1962 mu pri tr\u00e9ningoch asistoval\u00a0<strong>\u0160tefan Pa\u00e1l<\/strong>, ale v roku 1964 sa ods\u0165ahoval\u00a0 a\u00a0 na nieko\u013eko mesiacov ho nahradil\u00a0<strong>\u0160tefan Kr\u00e1tki<\/strong>.\u00a0 Ist\u00fd \u010das potom vy\u0161kolen\u00e9ho tr\u00e9nera nebolo a\u00a0ka\u017ed\u00fd tr\u00e9noval, ako vedel, radami pom\u00e1hali star\u0161\u00ed kajak\u00e1ri a kanoisti.<\/p>\r\n\r\n\r\n\r\n<p>Od roku 1965 boli tr\u00e9nermi\u00a0\u00a0<strong>J\u00e1n Berta, \u00c1rp\u00e1d Macek<\/strong>, ku ktor\u00fdm sa po kr\u00e1tkom \u010dase pripojil\u00a0<strong>D\u00e9nes T\u00f6lt\u00e9ssy<\/strong>.<\/p>\r\n\r\n\r\n\r\n<p>Od konca 60. rokov 20 storo\u010dia tr\u00e9nermi boli aj\u00a0<strong>Karol Lacko<\/strong>\u00a0a\u00a0<strong>Ing<\/strong>.\u00a0<strong>Franti\u0161ek Dosudil.<\/strong><\/p>\r\n\r\n\r\n\r\n<p>Od polovice 70. rokov 20. storo\u010dia boli tr\u00e9nermi <strong>Vojtech Halmo, Ing<\/strong>.<strong>\u00a0Tibor So\u00f3s<\/strong>\u00a0a\u00a0<strong>Ladislav Polhammer.<\/strong><\/p>\r\n\r\n\r\n\r\n<p>Okrem tr\u00e9nerov dospel\u00fdch pri v\u00fdchove ich n\u00e1stupcov pom\u00e1hali \u010fal\u0161\u00ed tr\u00e9neri \u017eiakov a dorastencov, napr\u00edklad <strong>Ladislav D\u00e9k\u00e1ny, Juraj \u0160\u00e1ro, Juraj Tarr st.<\/strong>,<strong>\u00a0Karol Le\u0161\u0161 st<\/strong>.,<strong> \u013dudov\u00edt N\u00e9meth, Ladislav Juh\u00e1sz, Tibor Bukovsky, Katar\u00edna Ujv\u00e1ryov\u00e1-Neh\u00e9zov\u00e1, Pavol N\u00e1hlik, Franti\u0161ek Dos\u00fadil ml., Krist\u00edna Medov\u010d\u00edkov\u00e1,<\/strong>\u00a0<strong>Michal M\u00e1del, \u013dudov\u00edt N\u00e9meth, Ladislav \u00d3dor, Oliver Koczk\u00e1s, Attila Ambrus, Juraj Tarr.<\/strong><\/p>\r\n\r\n\r\n\r\n\r\n\r\n\r\n\r\n<h2 class=\"wp-block-heading\"><strong>Naj\u00faspe\u0161nej\u0161\u00ed odchovanci\u00a0 kom\u00e1r\u0148anskej r\u00fdchlostnej kanoistiky<\/strong><\/h2>\r\n\r\n\r\n\r\n<p><strong>\u0160TEFAN KR\u00c1TKI<\/strong><strong>\u00a0<\/strong>\u00a0\u2013 kajak\u00e1r, z\u00edskal viacero medail\u00ed na majstrovstv\u00e1ch Slovenska.<\/p>\r\n\r\n\r\n\r\n<p><strong>JURAJ \u0160\u00c1RO<\/strong><strong>\u00a0<\/strong>&#8211; kajak\u00e1r, v rokoch 1958 a\u00a01959 majster kraja v K1 na 500 m.<\/p>\r\n\r\n\r\n\r\n<p><strong>MICHAL MEDOVARSZKI<\/strong><strong>\u00a0<\/strong>\u00a0&#8211; kajak\u00e1r, v roku 1957 majster kraja v K1 na 500 m.<\/p>\r\n\r\n\r\n\r\n<p><strong>\u00c1RP\u00c1D MACEK<\/strong><strong>\u00a0<\/strong>\u00a0&#8211; kanoista, v obdob\u00ed 1964 \u2013 1968 v C2\u00a0 dvojn\u00e1sobn\u00fd majster Slovenska a \u0161tvorn\u00e1sobn\u00fd majster Z\u00e1padoslovensk\u00e9ho kraja.<\/p>\r\n\r\n\r\n\r\n<p><strong>ANNA KNIH\u00c1ROV\u00c1\u00a0<\/strong>&#8211; kajak\u00e1rka, viacn\u00e1sobn\u00e1 majsterka Nitrianskeho kraja v K2 na 500 m.<\/p>\r\n\r\n\r\n\r\n<p><strong>AL\u017dBETA VARGOV\u00c1\u00a0<\/strong>&#8211; kajak\u00e1rka, viacn\u00e1sobn\u00e1 majsterka Nitrianskeho kraja v K2 na 500 m.<\/p>\r\n\r\n\r\n\r\n<p><strong>MARTA MACEKOV\u00c1\u00a0<\/strong>&#8211; kajak\u00e1rka, v K2 obsadila 2. miesto na majstrovstv\u00e1ch Nitrianskeho kraja. Vyhrala viacero krajsk\u00fdch reg\u00e1t.<\/p>\r\n\r\n\r\n\r\n<p><strong>AL\u017dBETA MESZ\u00c1ROSOV\u00c1<\/strong><strong>\u00a0vyd. TAK\u00c1CSOV\u00c1\u00a0<\/strong>\u00a0&#8211; kajak\u00e1rka, v K2 dosiahla 2. miesto na majstrovstv\u00e1ch Nitrianskeho kraja.<\/p>\r\n\r\n\r\n\r\n<p><strong>PAVOL HANKO<\/strong><strong>\u00a0<\/strong>\u00a0&#8211; kanoista, viackr\u00e1t dosiahol medailov\u00e9 umiestenia v krajsk\u00fdch regat\u00e1ch. V roku 1957 dorasteneck\u00fd majster Slovenska v C2.<\/p>\r\n\r\n\r\n\r\n<p><strong>JURAJ K\u00c1LM\u00c1N<\/strong><strong>\u00a0<\/strong>&#8211; kajak\u00e1r, v\u00a0K2 dosiahol viacero dobr\u00fdch v\u00fdsledkov.<\/p>\r\n\r\n\r\n\r\n<p><strong>PAVOL TOPOS<\/strong><strong>\u00a0<\/strong>&#8211; kajak\u00e1r, majster kraja v kateg\u00f3rii K1 500 m.<\/p>\r\n\r\n\r\n\r\n<p><strong>KAROL PA\u00c1L<\/strong><strong>\u00a0<\/strong>&#8211; kajak\u00e1r, v roku 1958 v K1 na 500 m druh\u00fd na majstrovstv\u00e1ch \u010cSR. Dorasteneck\u00fd majster Slovenska K2\u00a0. Viackr\u00e1t dosiahol medailov\u00e9 umiestnenie na republikov\u00fdch, slovensk\u00fdch a krajsk\u00fdch regat\u00e1ch. V roku 1961 v\u00a0C2 s J. \u0160\u00e1rom vyhrali marat\u00f3n Bratislava \u2013 Kom\u00e1rno.<\/p>\r\n\r\n\r\n\r\n<p><strong>J\u00c1N BERTA<\/strong><strong>\u00a0<\/strong>\u00a0&#8211; kanoista, v obdob\u00ed 1964 \u2013 1968 v C2 dvojn\u00e1sobn\u00fd majster Slovenska a \u0161tvorn\u00e1sobn\u00fd majster Z\u00e1padoslovensk\u00e9ho kraja, v\u00a0C1 viacn\u00e1sobn\u00fd medailista na majstrovstv\u00e1ch Slovenska, kraja a\u00a0na viacer\u00fdch regat\u00e1ch doma i\u00a0v\u00a0zahrani\u010d\u00ed. V kvalifika\u010dn\u00fdch pretekoch na OH 1968 v R\u00edme skon\u010dil v\u00a0C1 na 5. mieste.\u00a0 V s\u00fa\u010dasnosti s\u00fa\u0165a\u017e\u00ed v kateg\u00f3ri\u00ed veter\u00e1nov, kde aj v\u00a0konkurencii mlad\u0161\u00edch patr\u00ed medzi najlep\u0161\u00edch.<\/p>\r\n\r\n\r\n\r\n<p><strong>AL\u017dBETA P\u0160EN\u00c1KOV\u00c1, rod. HRU\u0160KOV\u00c1\u00a0<\/strong>\u00a0&#8211; kajak\u00e1rka, majsterka kraja v K1.<\/p>\r\n\r\n\r\n\r\n<p><strong>\u0160TEFAN PA\u00c1L<\/strong><strong>\u00a0<\/strong>&#8211; kajak\u00e1r, v\u00a0rokoch 1960 \u2013 1962 pretekal za Duklu Praha. Majster \u010cSSR 1961 v\u00a0K1 na 500 m a\u00a0v K4 (s tromi \u010dlenmi os\u00e1dky z\u00a0Bratislavy), aj viacn\u00e1sobn\u00fd medailista z\u00a0majstrovstiev \u010cSSR. V K1 na 500 a\u00a01000 m viacn\u00e1sobn\u00fd majster Slovenska. V roku 1958 v K2 na 3000 m dorasteneck\u00fd majster Slovenska. \u00da\u010dastn\u00edk MS 1962. V K1 a v K4 bol nominovan\u00fd na olympijsk\u00e9 hry 1964 v R\u00edme, ale kv\u00f4li ochoreniu nakoniec necestoval.<\/p>\r\n\r\n\r\n\r\n<p><strong>M\u00c1RIA PAJDU\u0160\u00c1KOV\u00c1\u00a0<\/strong>&#8211; kajak\u00e1rka, v\u00a0K1 500 m majsterka Nitrianskeho kraja.<\/p>\r\n\r\n\r\n\r\n<p><strong>JOZEF PA\u00c1L\u00a0<\/strong>\u2013 kajak\u00e1r, v K2 viacn\u00e1sobn\u00fd dorasteneck\u00fd\u00a0 majster kraja.<\/p>\r\n\r\n\r\n\r\n<p><strong>ATTILA FEH\u00c9R\u00a0<\/strong>&#8211; kajak\u00e1r, v K2 juniorsk\u00fd majster Slovenska. Na republikov\u00fdch a krajsk\u00fdch regat\u00e1ch z\u00edskali viacero medailov\u00fdch umiesten\u00ed.<\/p>\r\n\r\n\r\n\r\n<p><strong>JOZEF POLHAMMER\u00a0<\/strong>&#8211; kajak\u00e1r, juniorsk\u00fd majster Slovenska v\u00a0kateg\u00f3rii K1 a\u00a0v K2.<\/p>\r\n\r\n\r\n\r\n<p><strong>FRANTI\u0160EK MAGYARICS\u00a0<\/strong>&#8211; kajak\u00e1r, juniorsk\u00fd majster Slovenska v kateg\u00f3rii K1 a K2 na 500 m.<\/p>\r\n\r\n\r\n\r\n<p><strong>D\u00c9NES T\u00d6LT\u00c9SSY<\/strong><strong>\u00a0<\/strong>&#8211; kajak\u00e1r, bol viacn\u00e1sobn\u00fdm juniorsk\u00fdm majstrom Slovenska v\u00a0kateg\u00f3rii K1 a K2. V rokoch 1963 \u2013 1965 bol pretek\u00e1rom Dukly Praha. V roku 1964 \u0161tvorn\u00e1sobn\u00fd majster \u010cSSR &#8211; v\u00a0K2 na 500 a\u00a01000 m , resp. v K4 na 500 a 10 000 m \u0160tyri tituly majstra \u010cSSR z\u00edskal aj v\u00a0roku 1965 \u2013 v K2 na 500 a\u00a01000 m resp. v K4 na 1000 m a\u00a0v \u0161tafete 4xK1 na 500 m.<\/p>\r\n\r\n\r\n\r\n<p><strong>JOZEF PIRSTITZ<\/strong><strong>\u00a0<\/strong>&#8211; kajak\u00e1r, v\u00a0mlad\u0161om doraste v\u00a0K1 na 500 m majster Slovenska aj \u010cSR, medzi mu\u017emi viacn\u00e1sobn\u00fd medailista z\u00a0majstrovstiev Slovenska, ako \u010dlen Dukly Prahy bronzov\u00fd v\u00a0K4 na 500 m na majstrovstv\u00e1ch \u010cSSR 1964. Z\u00edskal medaily aj na niektor\u00fdch medzin\u00e1rodn\u00fdch regat\u00e1ch.<\/p>\r\n\r\n\r\n\r\n<p><strong>FRANTI\u0160EK DOSUDIL<\/strong><strong>\u00a0<\/strong>&#8211; kanoista, odchovanec \u010cH Bratislava, v\u00a0jej farb\u00e1ch viacn\u00e1sobn\u00fd majster Slovenska na 10 000 m. Od roku 1969 sa usadil v Kom\u00e1rne a stal sa v\u00fdznamn\u00fdm organiz\u00e1torom tunaj\u0161ej r\u00fdchlostnej kanoistiky..<\/p>\r\n\r\n\r\n\r\n<p><strong>KAROL LACKO<\/strong>\u00a0&#8211; kajak\u00e1r, \u00faspe\u0161n\u00fd v\u00a0K1 a v\u00a0K2 na 500 m, v oboch discipl\u00ednach majster Slovenska v\u00a0rokoch 1961 a\u00a01962, v\u00a0K2 bo tret\u00ed na majstrovstv\u00e1ch \u010cSSR 1962.<\/p>\r\n\r\n\r\n\r\n<p><strong>LADISLAV CSUK\u00c1S<\/strong>\u00a0&#8211; kanoista, ktor\u00fd bol viacn\u00e1sobn\u00fdm juniorsk\u00fdm majstrom Slovenska. Stal sa pot\u00e1pa\u010dom. Pot\u00e1pal sa s legend\u00e1rnym Jacquesom Yvesom Cousteauom. V roku 1996 si vo Viedni prevzal najv\u00fdznamnej\u0161ie ocenenie ochrancov pr\u00edrody v\u00fdchodnej a strednej Eur\u00f3py, ktor\u00e9 mu odovzdal svetozn\u00e1my oce\u00e1nograf Hans Haas. Je jedn\u00fdm z najlep\u0161\u00edch pot\u00e1pa\u010dsk\u00fdch fotografov Eur\u00f3py.<\/p>\r\n\r\n\r\n\r\n<p><strong>RUDOLF HARMAT<\/strong>\u00a0&#8211; kajak\u00e1r, viacn\u00e1sobn\u00fd medailista z\u00a0krajsk\u00fdch reg\u00e1t v\u00a0K1 a\u00a0v\u00a0K2. Pred \u0161portovou kari\u00e9rou uprednostnil hudobn\u00fa,\u00a0 v\u00a0roku 1966 bol zakladaj\u00facim \u010dlenom kom\u00e1r\u0148ansk\u00e9ho komorn\u00e9ho orchestra Comorra.<\/p>\r\n\r\n\r\n\r\n<p><strong>IMRICH SZOLIK<\/strong><strong>\u00a0<\/strong>\u00a0&#8211; kajak\u00e1r, v roku 1961 juniorsk\u00fd majster Slovenska v kateg\u00f3rii K2 500 m a juniorsk\u00fd reprezentant \u010cSSR.<\/p>\r\n\r\n\r\n\r\n<p><strong>KAROL T\u00d6LT\u00c9SSY<\/strong><strong>\u00a0<\/strong>&#8211; kajak\u00e1r, ktor\u00fd medzi dorastencami patril do slovenskej i\u00a0\u010deskoslovenskej \u0161pi\u010dky, ale vo veku 18 rokov pre zranenie ruky akt\u00edvnu \u010dinnos\u0165 pred\u010dasne ukon\u010dil . V\u00a0roku 1961 juniorsk\u00fd majster Slovenska v kateg\u00f3rii K2 500 m , \u00faspe\u0161n\u00fd aj v\u00a0K4.<\/p>\r\n\r\n\r\n\r\n<p><strong>EVA F\u00dcL\u00d6POV\u00c1<\/strong><strong>, nar. PIRSTITZOV\u00c1\u00a0<\/strong>&#8211; kajak\u00e1rka, \u0161tvorn\u00e1sobn\u00e1 majsterka Slovenska v K1 a viacn\u00e1sobn\u00e1 majsterka v K2 . Napriek vynikaj\u00facim v\u00fdsledkom v K2 s Lichnerovou (ist\u00fd \u010das boli najlep\u0161ie v \u010cSSR)nikdy\u00a0 neboli nominovan\u00e9\u00a0 na vrcholn\u00e9 podujatia.<\/p>\r\n\r\n\r\n\r\n<p><strong>LADISLAV POLHAMMER<\/strong><strong>\u00a0<\/strong>&#8211; kajak\u00e1r, bol majstrom Slovenska mlad\u0161ieho dorastu v\u00a0K2 na 500 m a z\u00edskal viacero medail\u00ed na republikov\u00fdch a krajsk\u00fdch regat\u00e1ch. Po skon\u010den\u00ed akt\u00edvnej \u010dinnosti sa stal tr\u00e9nerom cel\u00fdch gener\u00e1ci\u00ed kom\u00e1r\u0148ansk\u00fdch r\u00fdchlostn\u00fdch kanoistov. Viedol siedmich juniorsk\u00fdch majstrov sveta (M. Riszdorfer, J. Ba\u010da, M. Hlu\u0161ko, Z. Bogd\u00e1ny, R. Riszdorfer \u00a0E. Vl\u010dek,V.Demin) a\u00a0po ich prechode medzi dospel\u00fdch \u00fazko spolupracoval s\u00a0Tiborom So\u00f3som.. Za dlhoro\u010dn\u00fa kvalitn\u00fa pr\u00e1cu s\u00a0ml\u00e1de\u017eou mu Slovensk\u00fd olympijsk\u00fd v\u00fdbor udelil svoje v\u00fdro\u010dn\u00e9 ocenenie za rok 2006 &#8211; Cenu Janka Zacharu.<\/p>\r\n\r\n\r\n\r\n<p><strong>LADISLAV D\u00c9K\u00c1NY<\/strong>\u00a0&#8211; kajak\u00e1r, medzi juniormi desa\u0165n\u00e1sobn\u00fd majster \u010cSSR a Slovenska v K1, medzi mu\u017emi\u00a0sedemn\u00e1sobn\u00fd majster \u010cSSR v\u00a0K1 a\u00a0v\u00a0K2. Bol reprezentantom \u010cSSR, ale na MS \u010di ME ho nikdy nenominovali. V rokoch 1967 \u2013 1976 s\u00fa\u0165a\u017eil za \u010cH Bratislava.\u00a0 Zv\u00ed\u0165azil na viacer\u00fdch dom\u00e1cich a zahrani\u010dn\u00fdch regat\u00e1ch. Po skon\u010den\u00ed akt\u00edvnej \u010dinnosti bol v\u00a0rokoch 1978 \u2013 1992 tr\u00e9nerom \u017eiakov.<\/p>\r\n\r\n\r\n\r\n<p><strong>JURAJ TARR st.<\/strong>\u00a0&#8211; kanoista, dvojn\u00e1sobn\u00fd majster \u010cSSR v\u00a0C1 &#8211; na 10, resp. 30\u00a0km. V\u00a0\u010dase vrcholnej kari\u00e9ry s\u00fa\u0165a\u017eil za \u010cH Bratislava. V C2 jazdil hlavne s\u00a0V. Halmom a\u00a0s\u00a0T. So\u00f3som, s\u00a0ktor\u00fdm z\u00edskal nieko\u013eko titulov majstra Slovenska. Bol v\u00ed\u0165azom mnoh\u00fdch dom\u00e1cich a zahrani\u010dn\u00fdch reg\u00e1t.<\/p>\r\n\r\n\r\n\r\n<p><strong>VOJTECH HALMO<\/strong><strong>\u00a0<\/strong>&#8211; kanoista, v rokoch 1970 \u2013 1978 pretek\u00e1r \u010cH Bratislava. Desa\u0165 rokov (1968 \u2013 1978) bol \u010dlenom \u010ds. reprezent\u00e1cie a\u00a0ako prv\u00fd vod\u00e1k z\u00a0Kom\u00e1rna \u0161tartoval na majstrovstv\u00e1ch sveta. Jeho vrcholom bolo 5. miesto v\u00a0C1 na 10 km na MS 1971 v\u00a0Belehrade. Medzi mu\u017emi z\u00edskal dva tituly majstra \u010cSSR (1971 v C1 na 10 000 m, 1974 v\u00a0C1 na 500 m) a\u00a0ve\u013ea medail\u00ed z\u00a0dom\u00e1cich \u0161ampion\u00e1tov. Bol mnohon\u00e1sobn\u00fdm majstrom Slovenska v\u00a0C1 na 500, 1000 i\u00a010\u00a0000 m.\u00a0 Napriek vynikaj\u00facej forme ho nenominovali na OH 1972 v\u00a0Mn\u00edchove. V\u00a0roku 1975 ho vyhl\u00e1sili za najlep\u0161ieho \u0161portovca okresu Kom\u00e1rno i\u00a0Z\u00e1padoslovensk\u00e9ho kraja. Akt\u00edvnu \u010dinnos\u0165 ukon\u010dil v roku 1981, ale u\u017e od roku 1978 v\u00a0Kom\u00e1rne tr\u00e9noval juniorov. \u0160es\u0165 rokov viedol neskor\u0161ieho prv\u00e9ho kom\u00e1r\u0148ansk\u00e9ho majstra sveta Attilu Szab\u00f3a. V s\u00fa\u010dasnosti je tr\u00e9nerom kom\u00e1r\u0148ansk\u00fdch kanoistov.<\/p>\r\n\r\n\r\n\r\n<p><strong>TIBOR SO\u00d3S<\/strong>\u00a0&#8211; kanoista, juniorsk\u00fd reprezentant \u010cSSR, viacn\u00e1sobn\u00fd majster Slovenska v C2. Po skon\u010den\u00ed kari\u00e9ry sa venuje tr\u00e9nerskej a\u00a0funkcion\u00e1rskej pr\u00e1ci. Napriek tomu, \u017ee tr\u00e9nerskej pr\u00e1ci sa venuje popri svojej podnikate\u013eskej \u010dinnosti, z\u00edskal za \u0148u aj medzin\u00e1rodn\u00e9 uznanie. Viedol v\u0161etk\u00fdch kom\u00e1r\u0148ansk\u00fdch majstrov sveta \u2013 A. Szab\u00f3a, M. Riszdorfera, J. Ba\u010du, R. Riszdorfera,\u00a0E. Vl\u010deka a J. Tarra ml., ako aj mno\u017estvo \u010fal\u0161\u00edch reprezentantov \u010cSSR a SR. V\u00a0spolupr\u00e1ci s\u00a0reprezenta\u010dn\u00fdm tr\u00e9nerom Pavlom Blahom priviedol \u0161tvorkajaky s\u00a0kom\u00e1r\u0148ansk\u00fdm z\u00e1kladom k\u00a0zisku mnoh\u00fdch titulov majstrov sveta i\u00a0Eur\u00f3py, k\u00a0bronzu na OH 2004 v\u00a0At\u00e9nach i\u00a0k\u00a0striebru na OH 2008 v\u00a0Pekingu, podie\u013eal sa aj na dvoch tituloch majstrov sveta v\u00a0K2 (z\u00edskali ich M. Riszdorfer a\u00a0Ba\u010da). Jeho tr\u00e9nersk\u00e9 p\u00f4sobenie ocenil Slovensk\u00fd olympijsk\u00fd v\u00fdbor v\u00a0roku 2005 Strieborn\u00fdmi kruhmi SOV.<\/p>\r\n\r\n\r\n\r\n<p><strong>JOZEF MACEK<\/strong>\u00a0&#8211; kajak\u00e1r, v\u00a0rokoch 1970 \u2013 1972 pretek\u00e1r \u010cH Bratislava, potom sa vr\u00e1til do Kom\u00e1rna. Majster Slovenska v\u00a0K1 na 500 m v kateg\u00f3rii mlad\u0161ieho aj star\u0161ieho dorastu (1967, 1970), v\u00ed\u0165az viacer\u00fdch dom\u00e1cich a zahrani\u010dn\u00fdch reg\u00e1t. Od roku 1985 je rozhodcom Slovensk\u00e9ho zv\u00e4zu r\u00fdchlostnej kanoistiky.<\/p>\r\n\r\n\r\n\r\n<p><strong>LADISLAV KISS<\/strong><strong>\u00a0<\/strong>&#8211; kajak\u00e1r, juniorsk\u00fd majster \u010cSSR v K4. Bol dorasteneck\u00fdm majstrom \u010cSSR aj v\u00a0kateg\u00f3rii K1 aj v kateg\u00f3rii K2 na 500 a\u00a05000 m.<\/p>\r\n\r\n\r\n\r\n<p><strong>FRANTI\u0160EK KISS<\/strong><strong>\u00a0<\/strong>&#8211; kajak\u00e1r, juniorsk\u00fd majster \u010cSSR v K4. Bol dorasteneck\u00fdm majstrom \u010cSSR v K2 na 500 a\u00a05000 m.<\/p>\r\n\r\n\r\n\r\n<p><strong>KAROL LE\u0160\u0160 st.<\/strong><strong>\u00a0<\/strong>&#8211; kanoista, \u00faspe\u0161n\u00fd hlavne v C2 bol majstrom Slovenska. Potom sa venoval tr\u00e9nerskej \u010dinnosti.<\/p>\r\n\r\n\r\n\r\n<p><strong>\u013dUDOV\u00cdT D\u00c9K\u00c1NY\u00a0<\/strong>&#8211; kajak\u00e1r, juniorsk\u00fd majster \u010cSSR v K4, v K2 na 500 m viacn\u00e1sobn\u00fd dorasteneck\u00fd majster Slovenska. Vyhral viacero dom\u00e1cich a\u00a0zahrani\u010dn\u00fdch reg\u00e1t..<\/p>\r\n\r\n\r\n\r\n<p><strong>ATTILA TOKODY<\/strong><strong>\u00a0<\/strong>&#8211; kajak\u00e1r, juniorsk\u00fd majster \u010cSSR v K4 , v K2 na 500 m viacn\u00e1sobn\u00fd dorasteneck\u00fd majster Slovenska.<\/p>\r\n\r\n\r\n\r\n<p><strong>KATAR\u00cdNA MACEKOV\u00c1<\/strong><strong>, rod. VIDOV\u00c1\u00a0<\/strong>&#8211; kajak\u00e1rka, na juniorsk\u00fdch majstrovstv\u00e1ch Slovenska 1970 tretia v K1 na 500 m.<\/p>\r\n\r\n\r\n\r\n<p><strong>MICHAL M\u00c1DEL\u00a0<\/strong>&#8211; kajak\u00e1r, v kateg\u00f3rii K1 a\u00a0K2 juniorsk\u00fd majster Slovenska. Z\u00edskali nieko\u013eko medailov\u00fdch umiestnen\u00ed na republikov\u00fdch a\u00a0krajsk\u00fdch regat\u00e1ch.<\/p>\r\n\r\n\r\n\r\n<p><strong>JURAJ SO\u00d3S\u00a0<\/strong>&#8211; kajak\u00e1r, v K2 juniorsk\u00fd majster Slovenska.<\/p>\r\n\r\n\r\n\r\n<p><strong>LADISLAV NAGY\u00a0<\/strong>&#8211; kajak\u00e1r, viacn\u00e1sobn\u00fd medailista z\u00a0majstrovstiev \u010cSSR a\u00a0trojn\u00e1sobn\u00fd majster \u010cSSR (1986 v\u00a0K1 na 30 km a\u00a01987 v\u00a0K2 na 10 i 30 km), v rokoch 1973 \u2013 1976 p\u00e4\u0165n\u00e1sobn\u00fd dorasteneck\u00fd majster SSR. Bol reprezentantom \u010cSSR v \u0161tafete kajakov.<\/p>\r\n\r\n\r\n\r\n<p><strong>LADISLAV SZ\u00d6LL\u00d6SI\u00a0<\/strong>&#8211; kajak\u00e1r, juniorsk\u00fd majster Slovenska v K2 na 500 a\u00a05000 m. Ist\u00fd \u010das bol \u010dlenom \u00a0najlep\u0161ej \u00a0juniorskej \u00a0pos\u00e1dky K2 v\u00a0\u010cSSR a\u00a0dosiahol viacer\u00e9 medailov\u00e9 umiestenia na slovensk\u00fdch regat\u00e1ch.<\/p>\r\n\r\n\r\n\r\n<p><strong>JOZEF KONCZER\u00a0<\/strong>&#8211; kajak\u00e1r, juniorsk\u00fd majster Slovenska v K2 na 500 a\u00a05000 m. Ist\u00fd \u010das bol \u010dlenom \u00a0najlep\u0161ej juniorskej pos\u00e1dky K2 v\u00a0\u010cSSR a\u00a0dosiahol viacer\u00e9 medailov\u00e9 umiestenia na slovensk\u00fdch regat\u00e1ch.<\/p>\r\n\r\n\r\n\r\n<p><strong>ZOLT\u00c1N KAL\u00d3CZY<\/strong><strong>\u00a0<\/strong>&#8211; kajak\u00e1r, pretekal za Duklu Tren\u010d\u00edn, viacn\u00e1sobn\u00fd majster Slovenska a\u00a0\u010ceskoslovenska, reprezentant \u010cSSR. Najlep\u0161ie v\u00fdsledky dosahoval na trati 10 000 m v\u00a0K2.<\/p>\r\n\r\n\r\n\r\n<p><strong>JOZEF DALLOS<\/strong><strong>\u00a0<\/strong>\u00a0&#8211; kajak\u00e1r, pretekal za Sl\u00e1viu UK Bratislava, viacn\u00e1sobn\u00fd majster Slovenska a\u00a0\u010ceskoslovenska, reprezentant \u010cSSR. Najlep\u0161ie v\u00fdsledky dosahoval na trati 10 000 m v\u00a0K2.<\/p>\r\n\r\n\r\n\r\n<p><strong>\u0160TEFAN VISZLAY<\/strong>\u00a0&#8211; kajak\u00e1r, juniorsk\u00fd aj seniorsk\u00fd reprezentant \u010cSSR, zasl\u00fa\u017eil\u00fd majster \u0161portu. Na MS 1985 6. v\u00a0K2 na 1000 m, na MS 1986 v\u00a0Montreale 11. v\u00a0K2 na 10 km. Na juniorsk\u00fdch MS 1981 v\u00a0Sofii \u010dlen K4 na 7. mieste. Mnohon\u00e1sobn\u00fd majster \u010cSSR medzi juniormi aj medzi mu\u017emi \u00a0v roku 1985 v\u00a0K2 na 1000 m, v roku 1986 v\u00a0K2 na 1000 m, v\u00a0roku 1987 na 10 km v\u00a0K1,\u00a0v\u00a0K2 a\u00a0v\u00a0K4, na 30 km v\u00a0K2.<\/p>\r\n\r\n\r\n\r\n<p><strong>GABRIEL MAR\u0160AL\u00a0<\/strong>&#8211; kanoista, juniorsk\u00fd majster \u010cSSR a\u00a0Slovenska v C1. Bol \u00fa\u010dastn\u00edkom juniorsk\u00fdch MS a ME.<\/p>\r\n\r\n\r\n\r\n<p><strong>ZOLT\u00c1N SZAB\u00d3<\/strong><strong>\u00a0<\/strong>\u00a0&#8211; kajak\u00e1r, v marat\u00f3ne viacn\u00e1sobn\u00fd juniorsk\u00fd majster \u010cSSR a\u00a0Slovenska v K1 a K2. V kateg\u00f3rii K4 \u00fa\u010dastn\u00edk MS a ME.<\/p>\r\n\r\n\r\n\r\n<p><strong>ATTILA SZAB\u00d3\u00a0<\/strong>\u00a0&#8211; kajak\u00e1r, historicky prv\u00fd medailista z\u00a0MS i majster sveta z\u00a0Kom\u00e1rna a\u00a0trojn\u00e1sobn\u00fd olympionik. V\u00a0roku 1989 ho vyhl\u00e1sili za naj\u00faspe\u0161nej\u0161ieho \u0161portovca \u010cSSR.<\/p>\r\n\r\n\r\n\r\n<p><strong>LADISLAV JUH\u00c1SZ\u00a0<\/strong>\u00a0&#8211; kanoista, najlep\u0161ie v\u00fdsledky dosiahol v juniorsk\u00fdch a\u00a0dorasteneck\u00fdch kateg\u00f3ri\u00e1ch v C2.<\/p>\r\n\r\n\r\n\r\n<p><strong>IGOR VISZLAI<\/strong>\u00a0&#8211; kajak\u00e1r, v\u00a0juniorskej kateg\u00f3rii dvojn\u00e1sobn\u00fd majster \u010cSSR v\u00a0K4 na 1000 m a majster Slovenska \u00a0v\u00a0K2 na 10\u00a0000 m \u00a0a\u00a0\u00a0v\u00a0K1 v\u00a0marat\u00f3ne.\u00a0 Viacn\u00e1sobn\u00fd medailista z\u00a0majstrovstiev Slovenska a\u00a0z\u00a0Medzin\u00e1rodnej regaty v\u00a0Slapoch,<\/p>\r\n\r\n\r\n\r\n<p><strong>OSKAR HODEK-\u00a0<\/strong>kajak\u00e1r, dvojn\u00e1sobn\u00fd \u00a0majster \u010cSSR v\u00a0K4 na 1000 m v\u00a0juniorskej kateg\u00f3rii.<\/p>\r\n\r\n\r\n\r\n<p><strong>OLIVER FERENCZEI<\/strong>&#8211; kajak\u00e1r, \u00a0majster \u010cSSR v\u00a0K4 na 1000 m a majster Slovenska \u00a0v\u00a0K2 na 10\u00a0000 m\u00a0 v\u00a0juniorskej kateg\u00f3rii. Viacn\u00e1sobn\u00fd medailista z\u00a0majstrovstiev Slovenska a\u00a0z\u00a0Medzin\u00e1rodnej regaty v\u00a0Slapoch<\/p>\r\n\r\n\r\n\r\n<p><strong>\u013dUDOV\u00cdT N\u00c9METH\u00a0<\/strong>\u00a0&#8211; kajak\u00e1r, viacn\u00e1sobn\u00fd majster \u010cSSR a Slovenska\u00a0 v\u00a0juniorsk\u00fdch kateg\u00f3ri\u00e1ch.<\/p>\r\n\r\n\r\n\r\n<p><strong>KATAR\u00cdNA UJV\u00c1RYOV\u00c1<\/strong><strong>, rod.. NEH\u00c9ZOV\u00c1<\/strong>&#8211; kajak\u00e1rka, \u00a0viacn\u00e1sobn\u00e1 juniorsk\u00e1 majsterka \u010cSSR a Slovenska ,<br \/>tr\u00e9nerka \u017eiakov.<\/p>\r\n\r\n\r\n\r\n<p><strong>JANETTE DOMINOV\u00c1\u00a0<\/strong>&#8211; kajak\u00e1rka, viacn\u00e1sobn\u00e1 juniorsk\u00e1 majsterka \u010cSSR a Slovenska v K2.<\/p>\r\n\r\n\r\n\r\n<p><strong>\u0160TEFAN HORV\u00c1TH<\/strong><strong>\u00a0<\/strong>&#8211; kajak\u00e1r, juniorsk\u00fd reprezentant Slovenska, \u00fa\u010dastn\u00edk MS v\u00a0marat\u00f3ne 1996.<\/p>\r\n\r\n\r\n\r\n<p><strong>ZUZANA SID\u00d3OV\u00c1\u00a0<\/strong>&#8211; kajak\u00e1rka, viacn\u00e1sobn\u00e1 juniorsk\u00e1 majsterka \u010cSSR v K2.<\/p>\r\n\r\n\r\n\r\n<p><strong>LEVENTE L<\/strong><strong>\u00d6<\/strong><strong>RINCZ-\u00a0<\/strong>kajak\u00e1r, majster \u010cSSR<\/p>\r\n\r\n\r\n\r\n<p><strong>ZSOLT ROPOG &#8211;\u00a0kajak\u00e1r, majster \u010cSSR<\/strong><\/p>\r\n\r\n\r\n\r\n<p><strong>JOZEF TURZA<\/strong><strong>\u00a0<\/strong>&#8211; kajak\u00e1r, reprezentant \u010ceskoslovenska a\u00a0Slovenska, v\u00a0porad\u00ed druh\u00fd olympionik z\u00a0Kom\u00e1rna, na vrchole kari\u00e9ry jazdil za Duklu Praha,\u00a0 viacn\u00e1sobn\u00fd \u00fa\u010dastn\u00edk majstrovstiev sveta a\u00a0Eur\u00f3py a viacn\u00e1sobn\u00fd majster \u010cSSR\u00a0dorastencov.<\/p>\r\n\r\n\r\n\r\n<p><strong>TIBOR BUKOVSK\u00dd<\/strong><strong>\u00a0<\/strong>\u2013 kajak\u00e1r, juniorsk\u00fd reprezentant SR. \u00da\u010dastn\u00edk na MS a ME v marat\u00f3ne.<\/p>\r\n\r\n\r\n\r\n<p><strong>KRIST\u00cdNA MEDOV\u010c\u00cdKOV\u00c1<\/strong><strong>\u00a0<\/strong>&#8211; kajak\u00e1rka, v\u00a0rokoch 1995 &#8211; 1997 \u00fa\u010dastn\u00ed\u010dka viacer\u00fdch MS a ME a viacn\u00e1sobn\u00e1 majsterka Slovenska v kateg\u00f3ri\u00e1ch junioriek a \u017eien v\u00a0K1 na 1000 m.<\/p>\r\n\r\n\r\n\r\n<p><strong>MAREK \u010eUR\u010cO<\/strong><strong>\u00a0<\/strong>\u00a0&#8211; kajak\u00e1r, viacn\u00e1sobn\u00fd juniorsk\u00fd majster Slovenska v\u00a0K4 a viacn\u00e1sobn\u00fd medailista na pretekoch SP juniorov v K4 .<\/p>\r\n\r\n\r\n\r\n<p><strong>PETER DOMIN\u00a0<\/strong>\u00a0&#8211; kajak\u00e1r, juniorsk\u00fd majster Slovenska a viacn\u00e1sobn\u00fd medailista na pretekoch SP juniorov v K4, dvojn\u00e1sobn\u00fd finalista z juniorsk\u00fdch MS \u00a01991 vo Viedni v K4 na 500 m a v K4 na 1 000 m.<\/p>\r\n\r\n\r\n\r\n<p><strong>PAVOL N\u00c1HLIK\u00a0<\/strong>&#8211; kajak\u00e1r, juniorsk\u00fd majster Slovenska a viacn\u00e1sobn\u00fd medailista na pretekoch SP juniorov v K4, viacn\u00e1sobn\u00fd juniorsk\u00fd majster \u010cSSR a SR, dvojn\u00e1sobn\u00fd finalista z MS juniorov v roku 1991 vo Viedni v K4 na 1 000 m a v K4 na 500 m<\/p>\r\n\r\n\r\n\r\n<p><strong>\u0160TEFAN HAVRAN<\/strong>\u00a0&#8211; kajak\u00e1r, juniorsk\u00fd reprezentant \u010cSFR, \u00fa\u010dastn\u00edk MSJ 1991 vo Viedni, juniorsk\u00fd majster \u010cSSR v K1 na 500 a\u00a01000 m.<\/p>\r\n\r\n\r\n\r\n<p><strong>ERIKA BUKOVSK\u00c1<\/strong><strong>\u00a0<\/strong>\u00a0\u2013 kajak\u00e1rka, \u00fa\u010dastn\u00ed\u010dka MS \u017eien v marat\u00f3ne v\u00a0Austr\u00e1lii, juniorsk\u00fdch MS a viacn\u00e1sobn\u00e1 finalistka na pretekoch SP junioriek.<\/p>\r\n\r\n\r\n\r\n<p><strong>LADISLAV LENGYEL\u00a0<\/strong>&#8211; kajak\u00e1r, viacn\u00e1sobn\u00fd juniorsk\u00fd majster \u010cSSR a Slovenska v K2.<\/p>\r\n\r\n\r\n\r\n<p><strong>\u013dUDOV\u00cdT J\u00d3ZSA\u00a0<\/strong>\u00a0&#8211; kajak\u00e1r, \u0161tudoval na \u0160portovej \u0161kole v Tren\u010d\u00edne, 7 n\u00e1sobn\u00fd majster \u010cSSR, 23 n\u00e1sobn\u00fd majster Slovenska,<\/p>\r\n\r\n\r\n\r\n<p><strong>LADISLAV \u00d3DOR<\/strong><strong>\u00a0<\/strong>\u00a0&#8211; kajak\u00e1r,medailista pretekov Svetov\u00e9ho poh\u00e1ra juniorov v K2 na 500 a\u00a01000 m, vyhral mnoho juniorsk\u00fdch a\u00a0dorasteneck\u00fdch reg\u00e1t.<\/p>\r\n\r\n\r\n\r\n<p><strong>ERV\u00cdN KARVA\u0160\u00a0<\/strong>&#8211; kajak\u00e1r,medailista pretekov Svetov\u00e9ho poh\u00e1ra juniorov v K2 na 500 a\u00a01000 m<\/p>\r\n\r\n\r\n\r\n<p><strong>NORBERT T\u00d3TH-\u00a0<\/strong>kajak\u00e1r<strong>,\u00a0<\/strong>9-n\u00e1sobn\u00fd majster \u010cSSR<\/p>\r\n\r\n\r\n\r\n<p><strong>MAREK HLU\u0160KO-\u00a0<\/strong>kajak\u00e1r, dvojn\u00e1sobn\u00fd majster \u010cSSR<\/p>\r\n\r\n\r\n\r\n<p><strong>GABRIEL SO\u00d3S &#8211;\u00a0<\/strong>kajak\u00e1r, majster \u010cSSR<\/p>\r\n\r\n\r\n\r\n<p><strong>LADISLAV BROCZKY-\u00a0<\/strong>kajak\u00e1r, dvojn\u00e1sobn\u00fd majster \u010cSSR, na mjstrovstv\u00e1ch sveta juniorov 4. miesto v K1<br \/>na 1 000 m a 4.miesto v K1 na 500 m<\/p>\r\n\r\n\r\n\r\n<p><strong>TOM\u00c1\u0160 HOD\u00daR-\u00a0<\/strong>kajak\u00e1r, majster \u010cSSR<\/p>\r\n\r\n\r\n\r\n<p><strong>R\u00d3BERT ZAUKO-\u00a0<\/strong>kajak\u00e1r, majster \u010cSSR<\/p>\r\n\r\n\r\n\r\n<p><strong>ROLAND LENGYEL\u00a0<\/strong>&#8211; kajak\u00e1r, viacn\u00e1sobn\u00fd juniorsk\u00fd majster Slovenska v K4.<\/p>\r\n\r\n\r\n\r\n<p><strong>OLIVER KOCZK\u00c1S<\/strong><strong>\u00a0<\/strong>\u00a0&#8211; kanoista, viacn\u00e1sobn\u00fd juniorsk\u00fd a\u00a0dorasteneck\u00fd majster Slovenska v\u00a0C1 a\u00a0v\u00a0C2, na juniorsk\u00fdch MS 1993 v Kanade \u010dlen bronzov\u00e9ho\u00a0C4 na 500 m a\u00a04. na\u00a01000 m.<\/p>\r\n\r\n\r\n\r\n<p><strong>IGOR K\u00c1\u010cER\u00a0<\/strong>\u00a0&#8211; kanoista, juniorsk\u00fd majster \u010cSSR v\u00a0kateg\u00f3rii C-2 , \u00fa\u010dastn\u00edk MS v\u00a0marat\u00f3ne.<\/p>\r\n\r\n\r\n\r\n<p><strong>MIROSLAV MICH\u00c1LIK-\u00a0<\/strong>kanoista, majster \u010cSSR v C2<strong><br \/>SILVESTER KELEMEN-\u00a0<\/strong>kanoista, majster \u010cSSR v C2<br \/><strong>ZSOLT BOGD\u00c1NY\u00a0<\/strong>&#8211; kajak\u00e1r, dvojn\u00e1sobn\u00fd juniorsk\u00fd majster sveta v roku 1995, na ME mu\u017eov 1997 \u00a0strieborn\u00fd v\u00a0K4 na 1000 m a\u00a05. v K4 na 500 m.<\/p>\r\n\r\n\r\n\r\n<p><strong>MARTIN HLU\u0160KO\u00a0&#8211;\u00a0<\/strong>kajak\u00e1r, dvojn\u00e1sobn\u00fd juniorsk\u00fd majster sveta 1995, na ME mu\u017eov \u00a0v\u00a0Plovdive strieborn\u00fd v\u00a0K4 na 1000 m a\u00a05. v K4 na 500 m.<\/p>\r\n\r\n\r\n\r\n<p><strong>MICHAL RISZDORFER<\/strong><strong>\u00a0<\/strong>&#8211; kajak\u00e1r, naj\u00faspe\u0161nej\u0161\u00ed pretek\u00e1r v\u00a0hist\u00f3rii slovenskej r\u00fdchlostnej kanoistiky, v\u00a0K4 strieborn\u00fd aj bronzov\u00fd medailista z\u00a0olympijsk\u00fdch hier, v\u00a0K2 a\u00a0v\u00a0K4 nieko\u013ekon\u00e1sobn\u00fd majster sveta a\u00a0 Eur\u00f3py, dvojn\u00e1sobn\u00fd juniorsk\u00fd majster sveta v\u00a0K4, jazd\u00ed za \u0160KP Bratislava. Mnohon\u00e1sobn\u00fd majster Slovenska v\u00a0K1, K2 aj K4 a\u00a0mnohon\u00e1sobn\u00fd najlep\u0161\u00ed kajak\u00e1r SR. Trojn\u00e1sobn\u00fd medailista z\u00a0ME dra\u010d\u00edch lod\u00ed 2006 v\u00a0Prahe.<\/p>\r\n\r\n\r\n\r\n<p>J<strong>URAJ BA\u010cA\u00a0<\/strong>\u00a0\u2013 kajak\u00e1r, v\u00a0K4 bronzov\u00fd medailista z\u00a0olympijsk\u00fdch hier, v\u00a0K2 a\u00a0v\u00a0K4 spolu \u0161es\u0165n\u00e1sobn\u00fd majster sveta a\u00a0\u0161tvorn\u00e1sobn\u00fd majster Eur\u00f3py, dvojn\u00e1sobn\u00fd juniorsk\u00fd majster sveta, jazdil za \u0160KP Bratislava. Trojn\u00e1sobn\u00fd medailista z\u00a0ME dra\u010d\u00edch lod\u00ed 2006 v\u00a0Prahe.<\/p>\r\n\r\n\r\n\r\n<p><strong>ANTON GRASSL<\/strong>\u00a0&#8211; kanoista, od roku 1998 viacn\u00e1sobn\u00fd \u00fa\u010dastn\u00edk majstrovstiev sveta a\u00a0Eur\u00f3py. V\u00a0C1 viacn\u00e1sobn\u00fd majster Slovenska v kateg\u00f3ri\u00e1ch juniorov aj seniorov. Pretek\u00e1r \u0160KP Bratislava. Trojn\u00e1sobn\u00fd medailista z\u00a0ME dra\u010d\u00edch lod\u00ed 2006 v\u00a0Prahe. V\u00a0roku 2006 v\u00a0Amsterdame majster Eur\u00f3py na vesl\u00e1rskom trena\u017e\u00e9ri.<\/p>\r\n\r\n\r\n\r\n<p><strong>JURAJ TARR ml.<\/strong><strong>\u00a0<\/strong>&#8211; kajak\u00e1r, strieborn\u00fd olympijsk\u00fd medailista, majster sveta a\u00a0nieko\u013ekon\u00e1sobn\u00fd majster Eur\u00f3py v\u00a0K4, jazd\u00ed za \u0160KP Bratislava.<\/p>\r\n\r\n\r\n\r\n<p><strong>KAROL LE\u0160\u0160 ml.\u00a0<\/strong>\u00a0&#8211; kajak\u00e1r, viacn\u00e1sobn\u00fd juniorsk\u00fd majster Slovenska, \u00faspe\u0161n\u00fd hlavne v K1 500 a 1000 m.<\/p>\r\n\r\n\r\n\r\n<p><strong>IMRICH KNIRSCH<\/strong>\u00a0&#8211; kajak\u00e1r, juniorsk\u00fd reprezentant SR, \u00fa\u010dastn\u00edk pretekov juniorsk\u00e9ho svetov\u00e9ho poh\u00e1ra.<\/p>\r\n\r\n\r\n\r\n<p><strong>RICHARD RISZDORFER<\/strong><strong>\u00a0<\/strong>\u00a0\u2013 kajak\u00e1r, v\u00a0K4 strieborn\u00fd aj bronzov\u00fd medailista z\u00a0olympijsk\u00fdch hier, nieko\u013ekon\u00e1sobn\u00fd majster sveta a\u00a0 Eur\u00f3py, trojn\u00e1sobn\u00fd medailista z\u00a0ME dra\u010d\u00edch lod\u00ed 2006 v\u00a0Prahe.<\/p>\r\n\r\n\r\n\r\n<p><strong>ERIK VL\u010cEK<\/strong>\u00a0\u2013 kajak\u00e1r, v\u00a0K4 strieborn\u00fd aj bronzov\u00fd medailista z\u00a0olympijsk\u00fdch hier, nieko\u013ekon\u00e1sobn\u00fd majster sveta a Eur\u00f3py, v\u00a0K2 \u00a0juniorsk\u00fd a seniorsk\u00fd \u00a0majster sveta. V\u00a0posledn\u00fdch rokoch naj\u00faspe\u0161nej\u0161\u00ed kajak\u00e1r Slovenska. Trojn\u00e1sobn\u00fd medailista z\u00a0ME dra\u010d\u00edch lod\u00ed 2006 v\u00a0Prahe.<\/p>\r\n\r\n\r\n\r\n<p><strong>TIBOR GY\u00d6RI<\/strong>\u00a0&#8211; kajak\u00e1r, viacn\u00e1sobn\u00fd juniorsk\u00fd majster Slovenska v\u00a0K1 na 500 a\u00a01000 m a v K2, jazdil za \u0160KP Bratislava. \u00da\u010dastn\u00edk ME mu\u017eov 2006 v\u00a0Ra\u010diciach, juniorsk\u00fdch MS a\u00a0ME, na ME 2004 do 23 rokov \u010dlen K4 na 8 mieste.<\/p>\r\n\r\n\r\n\r\n<p><strong>PETER LIK\u00c9R\u00a0<\/strong>\u00a0&#8211; kajak\u00e1r, viacn\u00e1sobn\u00fd juniorsk\u00fd majster Slovenska v\u00a0K1 na 500 a\u00a01000 m a v K2, jazdil za \u0160KP Bratislava, na ME 2004 do 23 rokov \u010dlen K4 na 8 mieste.<\/p>\r\n\r\n\r\n\r\n<p><strong>BORIS VISZLAY<\/strong>\u00a0&#8211; kajak\u00e1r, nieko\u013ekon\u00e1sobn\u00fd juniorsk\u00fd majster Slovenska . viacn\u00e1sobn\u00fd \u00fa\u010dastn\u00edk vrcholn\u00fdch juniorsk\u00fdch podujat\u00ed, na MS juniorov 2007 v\u00a0Ra\u010diciach bronzov\u00fd v\u00a0K4 na 500 m (s Divincom, Mi\u010dom a\u00a0Bar\u00e1nkom) a\u00a05. na 1000 m (s Divincom, T. Csepym a\u00a0Bar\u00e1nkom), na ME 2008 do 23 rokov v\u00a0Szegede 9. v\u00a0K4 na 500 m a\u00a09.\u00a0v\u00a0K4 na\u00a0 1000 m (s Mikle\u0161om, Ma\u0165a\u0161om a\u00a0Jankovcom), v\u00a0roku 2009 v\u00a0Poznani 3. v K4 na 500 m , (s Divincom, Jakub\u00edkom a Jankovcom) a v\u00a0roku 2010 v\u00a0Moskve \u00a0obsadil 5.miesto v K4 na 1000 m (s \u00a0Divincom, Be\u0148om a\u00a0 Jankovcom).<\/p>\r\n\r\n\r\n\r\n<p><strong>TOM\u00c1\u0160 CSEPY<\/strong>\u00a0\u2013 kajak\u00e1r, nieko\u013ekon\u00e1sobn\u00fd majster Slovenska v\u00a0\u017eiackych a\u00a0dorasteneck\u00fdch kateg\u00f3ri\u00e1ch. Viacn\u00e1sobn\u00fd \u00fa\u010dastn\u00edk vrcholn\u00fdch juniorsk\u00fdch podujat\u00ed, na MS juniorov 2007 v\u00a0Ra\u010diciach 5. v\u00a0K4 na 1000 m (s B. Viszlaym, Divincom a\u00a0Bar\u00e1nkom).<\/p>\r\n\r\n\r\n\r\n<p><strong>VIKTOR DEMIN &#8211;<\/strong>\u00a0kajak\u00e1r, viacn\u00e1sobn\u00fd majster Slovenska, juniorsk\u00fd majster sveta a Eur\u00f3py, na ME juniorov v\u00a0Moskve v\u00a0roku 2010 obsadil 3. miesto\u00a0 v\u00a0 K4\u00a0 na 1000 m ( s Jan\u010dom, Kraj\u010dovi\u010dom\u00a0 a Mich\u00e1lkom) a 8. miesto v\u00a0 K1\u00a0 na 500 m, v\u00a0roku 2011 na ME juniorov v\u00a0Z\u00e1hrebe obsadil 1. miesto v\u00a0K2 na 500 m a\u00a02. miesto v\u00a0K2 na 1000 m spolo\u010dne s\u00a0Jan\u010dom, a\u00a0na MS juniorov v\u00a0Brandenburgu 1. miesto v\u00a0K2 na 500 m a\u00a02. miesto v\u00a0K2 na 1000 m spolo\u010dne s\u00a0Jan\u010dom<\/p>\r\n\r\n\r\n\r\n<p><strong>D\u00c1VID P\u00c1LMAY<\/strong>&#8211; kajak\u00e1r, viacn\u00e1sobn\u00fd majster Slovenska, na ME juniorov v\u00a0Z\u00e1hrebe\u00a0 v\u00a0roku 2011 obsadil\u00a0 8.miesto \u00a0v\u00a0 K4 na 1000 m (s My\u0161\u00e1kom, Vassom, Vi\u0161v\u00e1derom)\u00a0 a\u00a0na MS v\u00a0Moskve obsadil 5.miesto v\u00a0K4 na 1000 \u00a0m.<\/p>\r\n\r\n\r\n\r\n\r\n\r\n\r\n\r\n<h2 class=\"wp-block-heading\"><strong>V\u00a0obdob\u00ed rokov 2000 a\u017e 2009\u00a0 majstrami Slovenska a\u00a0medailistami z\u00a0majstrovstiev Slovenska v\u00a0dorasteneck\u00fdch, resp. juniorsk\u00fdch kateg\u00f3ri\u00e1ch , \u00fa\u010dastn\u00edkmi a medailistami medzin\u00e1rodn\u00fdch reg\u00e1t boli:<\/strong><\/h2>\r\n\r\n\r\n\r\n\r\n\r\n\r\n\r\n<h2 class=\"wp-block-heading\"><strong>KANOISTI<\/strong><\/h2>\r\n\r\n\r\n\r\n<p>MARI\u00c1N V\u00c1ROS- juniorsk\u00fd reprezentant Slovenska<\/p>\r\n\r\n\r\n\r\n<p>\u0160TEFAN B\u00d6LCSKEI<\/p>\r\n\r\n\r\n\r\n<p>TOM\u00c1\u0160 BESE &#8211; juniorsk\u00fd reprezentant Slovenska<\/p>\r\n\r\n\r\n\r\n<p>GABRIEL VAJKAI<\/p>\r\n\r\n\r\n\r\n<p>VOJTECH VALENT<\/p>\r\n\r\n\r\n\r\n<p><strong>KAJAK\u00c1RKY<\/strong><\/p>\r\n\r\n\r\n\r\n<p>KATAR\u00cdNA GY\u00d6RIOV\u00c1<\/p>\r\n\r\n\r\n\r\n<p>MARTA FABI\u00c1NOV\u00c1<\/p>\r\n\r\n\r\n\r\n<p>SANDRA DUBRANOV\u00c1<\/p>\r\n\r\n\r\n\r\n<p>AGNESA R\u00c1CZOV\u00c1<\/p>\r\n\r\n\r\n\r\n<p>R\u00c9KA M\u00c1RI\u00c1SIOV\u00c1<\/p>\r\n\r\n\r\n\r\n<p>SL\u00c1VKA JAL\u015aOVSK\u00c1<\/p>\r\n\r\n\r\n\r\n<p>GABIKA SZAB\u00d3OV\u00c1- juniorsk\u00e1 reprezentantka Slovenska<\/p>\r\n\r\n\r\n\r\n<p>ROBERTA PELANTOV\u00c1 &#8211; juniorsk\u00e1 reprezentantka Slovenska<\/p>\r\n<p>KATAR\u00cdNA HORV\u00c1THOV\u00c1 &#8211; juniorsk\u00e1 reprezentantka Slovenska<\/p>\r\n<p><strong>KAJAK\u00c1RI:<\/strong><\/p>\r\n\r\n\r\n\r\n<p>ALEXANDER AMBRUS \u2013 juniorsk\u00fd reprezentant Slovenska<\/p>\r\n\r\n\r\n\r\n<p>IVAN KOSTRA<\/p>\r\n\r\n\r\n\r\n<p>PETER PIKOR<\/p>\r\n\r\n\r\n\r\n<p>LADISLAV RISZDORFER<\/p>\r\n\r\n\r\n\r\n<p>TOM\u00c1\u0160 STANO<\/p>\r\n\r\n\r\n\r\n<p>GABRIEL KOCSI \u2013 juniorsk\u00fd reprezentant Slovenska<\/p>\r\n\r\n\r\n\r\n<p>ENRIKO HRADIL \u2013 juniorsk\u00fd reprezentant Slovenska<\/p>\r\n\r\n\r\n\r\n<p>ATTILA AMBRUS &#8211; juniorsk\u00fd reprezentant Slovenska<\/p>\r\n\r\n\r\n\r\n<p>PETER SLAN\u010c\u00cdK<\/p>\r\n\r\n\r\n\r\n<p>PETER KIRCHNER<\/p>\r\n\r\n\r\n\r\n<p>PAVOL HRABOVSK\u00dd<\/p>\r\n\r\n\r\n\r\n<p>PAVOL PETRU\u0160<\/p>\r\n\r\n\r\n\r\n<p>TOM\u00c1\u015a CSICSO<\/p>\r\n\r\n\r\n\r\n<p>MICHAL D\u00d3ZSA<\/p>\r\n\r\n\r\n\r\n<p>LUK\u00c1\u015a MA\u0164KO<\/p>\r\n\r\n\r\n\r\n<p>M\u00c1T\u00c9 KNIRS \u2013 juniorsk\u00fd reprezentant Slovenska<\/p>\r\n\r\n\r\n\r\n<p>RADIM KR\u00c1\u013d &#8211; juniorsk\u00fd reprezentant Slovenska<\/p>\r\n\r\n\r\n\r\n<p>MICHAL PETRU\u015a &#8211; juniorsk\u00fd reprezentant Slovenska<\/p>\r\n<p>BAL\u00c1ZS L\u00d6RINCZ &#8211; juniorsk\u00fd reprezentant Slovenska<\/p>\r\n<p>DANIEL SZOKOL- juniorsk\u00fd reprezentant Slovenska<\/p>\r\n","protected":false},"excerpt":{"rendered":"<p>Kom\u00e1rno, mesto le\u017eiace na s\u00fatoku Dunaja a\u00a0V\u00e1hu, je mestom v\u00a0znamen\u00ed vody. U\u017e odd\u00e1vna\u00a0\u013eudia v\u00a0Kom\u00e1rne a\u00a0jeho okol\u00ed vyu\u017e\u00edvali vodu nielen ako zdroj \u017eivobytia, na dopravu a\u00a0prepravu, ale postupne sa voda st\u00e1vala d\u00f4le\u017eitou s\u00fa\u010das\u0165ou oddychu a\u00a0z\u00e1bavy a\u00a0st\u00e1le viac a\u00a0viac sa st\u00e1vala s\u00fa\u010das\u0165ou \u0161portov\u00e9ho vy\u017eitia. &nbsp; &nbsp; Za\u010diatok organizovanej \u0161portovej \u010dinnosti na vode v Kom\u00e1rne Organizovan\u00e1\u00a0 \u0161portov\u00e1 \u010dinnos\u0165 [&hellip;]<\/p>\n","protected":false},"author":1,"featured_media":0,"parent":0,"menu_order":0,"comment_status":"closed","ping_status":"closed","template":"","meta":{"inline_featured_image":false,"footnotes":""},"class_list":["post-419","page","type-page","status-publish","hentry"],"acf":[],"yoast_head":"<!-- This site is optimized with the Yoast SEO plugin v26.6 - https:\/\/yoast.com\/wordpress\/plugins\/seo\/ -->\n<title>Hist\u00f3ria - Kajak &amp; kanoe klub Kom\u00e1rno<\/title>\n<meta name=\"robots\" content=\"index, follow, max-snippet:-1, max-image-preview:large, max-video-preview:-1\" \/>\n<link rel=\"canonical\" href=\"https:\/\/kajakkomarno.sk\/historia\/\" \/>\n<meta property=\"og:locale\" content=\"hu_HU\" \/>\n<meta property=\"og:type\" content=\"article\" \/>\n<meta property=\"og:title\" content=\"Hist\u00f3ria - Kajak &amp; kanoe klub Kom\u00e1rno\" \/>\n<meta property=\"og:description\" content=\"Kom\u00e1rno, mesto le\u017eiace na s\u00fatoku Dunaja a\u00a0V\u00e1hu, je mestom v\u00a0znamen\u00ed vody. U\u017e odd\u00e1vna\u00a0\u013eudia v\u00a0Kom\u00e1rne a\u00a0jeho okol\u00ed vyu\u017e\u00edvali vodu nielen ako zdroj \u017eivobytia, na dopravu a\u00a0prepravu, ale postupne sa voda st\u00e1vala d\u00f4le\u017eitou s\u00fa\u010das\u0165ou oddychu a\u00a0z\u00e1bavy a\u00a0st\u00e1le viac a\u00a0viac sa st\u00e1vala s\u00fa\u010das\u0165ou \u0161portov\u00e9ho vy\u017eitia. &nbsp; &nbsp; Za\u010diatok organizovanej \u0161portovej \u010dinnosti na vode v Kom\u00e1rne Organizovan\u00e1\u00a0 \u0161portov\u00e1 \u010dinnos\u0165 [&hellip;]\" \/>\n<meta property=\"og:url\" content=\"https:\/\/kajakkomarno.sk\/historia\/\" \/>\n<meta property=\"og:site_name\" content=\"Kajak &amp; kanoe klub Kom\u00e1rno\" \/>\n<meta property=\"article:modified_time\" content=\"2023-11-26T09:27:14+00:00\" \/>\n<meta property=\"og:image\" content=\"https:\/\/kajak.22projects.sk\/wp-content\/uploads\/2023\/01\/1925-Punkosd-veslica.jpg\" \/>\n<meta name=\"twitter:card\" content=\"summary_large_image\" \/>\n<meta name=\"twitter:label1\" content=\"Becs\u00fclt olvas\u00e1si id\u0151\" \/>\n\t<meta name=\"twitter:data1\" content=\"36 perc\" \/>\n<script type=\"application\/ld+json\" class=\"yoast-schema-graph\">{\"@context\":\"https:\/\/schema.org\",\"@graph\":[{\"@type\":\"WebPage\",\"@id\":\"https:\/\/kajakkomarno.sk\/historia\/\",\"url\":\"https:\/\/kajakkomarno.sk\/historia\/\",\"name\":\"Hist\u00f3ria - Kajak &amp; kanoe klub Kom\u00e1rno\",\"isPartOf\":{\"@id\":\"https:\/\/kajakkomarno.sk\/#website\"},\"primaryImageOfPage\":{\"@id\":\"https:\/\/kajakkomarno.sk\/historia\/#primaryimage\"},\"image\":{\"@id\":\"https:\/\/kajakkomarno.sk\/historia\/#primaryimage\"},\"thumbnailUrl\":\"https:\/\/kajak.22projects.sk\/wp-content\/uploads\/2023\/01\/1925-Punkosd-veslica.jpg\",\"datePublished\":\"2023-01-09T07:49:13+00:00\",\"dateModified\":\"2023-11-26T09:27:14+00:00\",\"breadcrumb\":{\"@id\":\"https:\/\/kajakkomarno.sk\/historia\/#breadcrumb\"},\"inLanguage\":\"hu\",\"potentialAction\":[{\"@type\":\"ReadAction\",\"target\":[\"https:\/\/kajakkomarno.sk\/historia\/\"]}]},{\"@type\":\"ImageObject\",\"inLanguage\":\"hu\",\"@id\":\"https:\/\/kajakkomarno.sk\/historia\/#primaryimage\",\"url\":\"https:\/\/kajak.22projects.sk\/wp-content\/uploads\/2023\/01\/1925-Punkosd-veslica.jpg\",\"contentUrl\":\"https:\/\/kajak.22projects.sk\/wp-content\/uploads\/2023\/01\/1925-Punkosd-veslica.jpg\"},{\"@type\":\"BreadcrumbList\",\"@id\":\"https:\/\/kajakkomarno.sk\/historia\/#breadcrumb\",\"itemListElement\":[{\"@type\":\"ListItem\",\"position\":1,\"name\":\"Domov\",\"item\":\"https:\/\/kajakkomarno.sk\/hu\/fooldal\/\"},{\"@type\":\"ListItem\",\"position\":2,\"name\":\"Hist\u00f3ria\"}]},{\"@type\":\"WebSite\",\"@id\":\"https:\/\/kajakkomarno.sk\/#website\",\"url\":\"https:\/\/kajakkomarno.sk\/\",\"name\":\"Kajak &amp; kanoe klub Kom\u00e1rno\",\"description\":\"\",\"publisher\":{\"@id\":\"https:\/\/kajakkomarno.sk\/#organization\"},\"potentialAction\":[{\"@type\":\"SearchAction\",\"target\":{\"@type\":\"EntryPoint\",\"urlTemplate\":\"https:\/\/kajakkomarno.sk\/?s={search_term_string}\"},\"query-input\":{\"@type\":\"PropertyValueSpecification\",\"valueRequired\":true,\"valueName\":\"search_term_string\"}}],\"inLanguage\":\"hu\"},{\"@type\":\"Organization\",\"@id\":\"https:\/\/kajakkomarno.sk\/#organization\",\"name\":\"Kajak &amp; kanoe klub Kom\u00e1rno\",\"url\":\"https:\/\/kajakkomarno.sk\/\",\"logo\":{\"@type\":\"ImageObject\",\"inLanguage\":\"hu\",\"@id\":\"https:\/\/kajakkomarno.sk\/#\/schema\/logo\/image\/\",\"url\":\"https:\/\/kajakkomarno.sk\/wp-content\/uploads\/2022\/12\/kajak-kanoe-klub-komarno-optimized-opt.svg\",\"contentUrl\":\"https:\/\/kajakkomarno.sk\/wp-content\/uploads\/2022\/12\/kajak-kanoe-klub-komarno-optimized-opt.svg\",\"width\":307,\"height\":66,\"caption\":\"Kajak &amp; kanoe klub Kom\u00e1rno\"},\"image\":{\"@id\":\"https:\/\/kajakkomarno.sk\/#\/schema\/logo\/image\/\"}}]}<\/script>\n<!-- \/ Yoast SEO plugin. -->","yoast_head_json":{"title":"Hist\u00f3ria - Kajak &amp; kanoe klub Kom\u00e1rno","robots":{"index":"index","follow":"follow","max-snippet":"max-snippet:-1","max-image-preview":"max-image-preview:large","max-video-preview":"max-video-preview:-1"},"canonical":"https:\/\/kajakkomarno.sk\/historia\/","og_locale":"hu_HU","og_type":"article","og_title":"Hist\u00f3ria - Kajak &amp; kanoe klub Kom\u00e1rno","og_description":"Kom\u00e1rno, mesto le\u017eiace na s\u00fatoku Dunaja a\u00a0V\u00e1hu, je mestom v\u00a0znamen\u00ed vody. U\u017e odd\u00e1vna\u00a0\u013eudia v\u00a0Kom\u00e1rne a\u00a0jeho okol\u00ed vyu\u017e\u00edvali vodu nielen ako zdroj \u017eivobytia, na dopravu a\u00a0prepravu, ale postupne sa voda st\u00e1vala d\u00f4le\u017eitou s\u00fa\u010das\u0165ou oddychu a\u00a0z\u00e1bavy a\u00a0st\u00e1le viac a\u00a0viac sa st\u00e1vala s\u00fa\u010das\u0165ou \u0161portov\u00e9ho vy\u017eitia. &nbsp; &nbsp; Za\u010diatok organizovanej \u0161portovej \u010dinnosti na vode v Kom\u00e1rne Organizovan\u00e1\u00a0 \u0161portov\u00e1 \u010dinnos\u0165 [&hellip;]","og_url":"https:\/\/kajakkomarno.sk\/historia\/","og_site_name":"Kajak &amp; kanoe klub Kom\u00e1rno","article_modified_time":"2023-11-26T09:27:14+00:00","og_image":[{"url":"https:\/\/kajak.22projects.sk\/wp-content\/uploads\/2023\/01\/1925-Punkosd-veslica.jpg","type":"","width":"","height":""}],"twitter_card":"summary_large_image","twitter_misc":{"Becs\u00fclt olvas\u00e1si id\u0151":"36 perc"},"schema":{"@context":"https:\/\/schema.org","@graph":[{"@type":"WebPage","@id":"https:\/\/kajakkomarno.sk\/historia\/","url":"https:\/\/kajakkomarno.sk\/historia\/","name":"Hist\u00f3ria - Kajak &amp; kanoe klub Kom\u00e1rno","isPartOf":{"@id":"https:\/\/kajakkomarno.sk\/#website"},"primaryImageOfPage":{"@id":"https:\/\/kajakkomarno.sk\/historia\/#primaryimage"},"image":{"@id":"https:\/\/kajakkomarno.sk\/historia\/#primaryimage"},"thumbnailUrl":"https:\/\/kajak.22projects.sk\/wp-content\/uploads\/2023\/01\/1925-Punkosd-veslica.jpg","datePublished":"2023-01-09T07:49:13+00:00","dateModified":"2023-11-26T09:27:14+00:00","breadcrumb":{"@id":"https:\/\/kajakkomarno.sk\/historia\/#breadcrumb"},"inLanguage":"hu","potentialAction":[{"@type":"ReadAction","target":["https:\/\/kajakkomarno.sk\/historia\/"]}]},{"@type":"ImageObject","inLanguage":"hu","@id":"https:\/\/kajakkomarno.sk\/historia\/#primaryimage","url":"https:\/\/kajak.22projects.sk\/wp-content\/uploads\/2023\/01\/1925-Punkosd-veslica.jpg","contentUrl":"https:\/\/kajak.22projects.sk\/wp-content\/uploads\/2023\/01\/1925-Punkosd-veslica.jpg"},{"@type":"BreadcrumbList","@id":"https:\/\/kajakkomarno.sk\/historia\/#breadcrumb","itemListElement":[{"@type":"ListItem","position":1,"name":"Domov","item":"https:\/\/kajakkomarno.sk\/hu\/fooldal\/"},{"@type":"ListItem","position":2,"name":"Hist\u00f3ria"}]},{"@type":"WebSite","@id":"https:\/\/kajakkomarno.sk\/#website","url":"https:\/\/kajakkomarno.sk\/","name":"Kajak &amp; kanoe klub Kom\u00e1rno","description":"","publisher":{"@id":"https:\/\/kajakkomarno.sk\/#organization"},"potentialAction":[{"@type":"SearchAction","target":{"@type":"EntryPoint","urlTemplate":"https:\/\/kajakkomarno.sk\/?s={search_term_string}"},"query-input":{"@type":"PropertyValueSpecification","valueRequired":true,"valueName":"search_term_string"}}],"inLanguage":"hu"},{"@type":"Organization","@id":"https:\/\/kajakkomarno.sk\/#organization","name":"Kajak &amp; kanoe klub Kom\u00e1rno","url":"https:\/\/kajakkomarno.sk\/","logo":{"@type":"ImageObject","inLanguage":"hu","@id":"https:\/\/kajakkomarno.sk\/#\/schema\/logo\/image\/","url":"https:\/\/kajakkomarno.sk\/wp-content\/uploads\/2022\/12\/kajak-kanoe-klub-komarno-optimized-opt.svg","contentUrl":"https:\/\/kajakkomarno.sk\/wp-content\/uploads\/2022\/12\/kajak-kanoe-klub-komarno-optimized-opt.svg","width":307,"height":66,"caption":"Kajak &amp; kanoe klub Kom\u00e1rno"},"image":{"@id":"https:\/\/kajakkomarno.sk\/#\/schema\/logo\/image\/"}}]}},"_links":{"self":[{"href":"https:\/\/kajakkomarno.sk\/hu\/wp-json\/wp\/v2\/pages\/419","targetHints":{"allow":["GET"]}}],"collection":[{"href":"https:\/\/kajakkomarno.sk\/hu\/wp-json\/wp\/v2\/pages"}],"about":[{"href":"https:\/\/kajakkomarno.sk\/hu\/wp-json\/wp\/v2\/types\/page"}],"author":[{"embeddable":true,"href":"https:\/\/kajakkomarno.sk\/hu\/wp-json\/wp\/v2\/users\/1"}],"replies":[{"embeddable":true,"href":"https:\/\/kajakkomarno.sk\/hu\/wp-json\/wp\/v2\/comments?post=419"}],"version-history":[{"count":0,"href":"https:\/\/kajakkomarno.sk\/hu\/wp-json\/wp\/v2\/pages\/419\/revisions"}],"wp:attachment":[{"href":"https:\/\/kajakkomarno.sk\/hu\/wp-json\/wp\/v2\/media?parent=419"}],"curies":[{"name":"wp","href":"https:\/\/api.w.org\/{rel}","templated":true}]}}